{"id":3472,"date":"2019-01-18T12:08:42","date_gmt":"2019-01-18T12:08:42","guid":{"rendered":"http:\/\/www.cutislaxa.org\/la-cutis-laxa-quest-ce-que-cest\/"},"modified":"2026-03-20T11:43:15","modified_gmt":"2026-03-20T10:43:15","slug":"la-cutis-laxa-quest-ce-que-cest","status":"publish","type":"page","link":"https:\/\/www.cutislaxa.org\/fr\/la-cutis-laxa-quest-ce-que-cest\/","title":{"rendered":"La Cutis Laxa, qu&rsquo;est-ce que c&rsquo;est ?"},"content":{"rendered":"<div id='av_section_1'  class='avia-section main_color avia-section-default avia-no-shadow  avia-bg-style-scroll  avia-builder-el-0  el_before_av_section  avia-builder-el-first   container_wrap fullsize' style='background-color: #f5f5f2;  '  ><div class='container' ><main  role=\"main\" itemprop=\"mainContentOfPage\"  class='template-page content  av-content-full alpha units'><div class='post-entry post-entry-type-page post-entry-3472'><div class='entry-content-wrapper clearfix'>\n<div class=\"flex_column av_one_full  flex_column_div av-zero-column-padding first  avia-builder-el-1  avia-builder-el-no-sibling  \" style='border-radius:0px; '><p><div  style='padding-bottom:10px; font-size:70px;' class='av-special-heading av-special-heading-h1  blockquote modern-quote  avia-builder-el-2  el_before_av_textblock  avia-builder-el-first  av-inherit-size '><h1 class='av-special-heading-tag '  itemprop=\"headline\"  >La <b>Cutis Laxa<\/b>, qu\u2018est-ce que c\u2019est ??<\/h1><div class='special-heading-border'><div class='special-heading-inner-border' ><\/div><\/div><\/div><br \/>\n<section class=\"av_textblock_section \"  itemscope=\"itemscope\" itemtype=\"https:\/\/schema.org\/CreativeWork\" ><div class='avia_textblock  '  style='font-size:18px; '  itemprop=\"text\" ><p>Cette page de notre site n\u2019a pour seul et unique but que de permettre aux malades et \u00e0 leurs familles d\u2019en savoir un peu plus sur leur maladie. Elle n\u2019est en aucun cas exhaustive.<\/p>\n<p>D\u2019autres sites,\u00a0comme ceux-ci \u00a0donnent \u00e9galement une d\u00e9finition de la Cutis Laxa.<\/p>\n<\/div><\/section><br \/>\n<div  style='height:20px' class='hr hr-invisible   avia-builder-el-4  el_after_av_textblock  el_before_av_masonry_gallery  avia-builder-el-last '><span class='hr-inner ' ><span class='hr-inner-style'><\/span><\/span><\/div><br \/>\n<div id='sdb-othersites' class='av-masonry  noHover av-fixed-size av-large-gap av-hover-overlay-active av-masonry-animation-active av-masonry-col-4 av-caption-always av-caption-style-overlay av-masonry-gallery     '  ><div class='av-masonry-container isotope av-js-disabled ' ><div class='av-masonry-entry isotope-item av-masonry-item-no-image '><\/div><a href=\"https:\/\/cutislaxa.pitt.edu\/faq.php\" aria-label=\"image cutislaxa.pitt.edu\" target=\"_blank\" rel=\"noopener noreferrer\" id='av-masonry-1-item-7090' data-av-masonry-item='7090' class='av-masonry-entry isotope-item post-7090 attachment type-attachment status-inherit hentry  av-masonry-item-with-image' title=\"cutislaxa.pitt.edu\" alt=\"cutislaxa.pitt.edu\" itemprop=\"thumbnailUrl\"><div class='av-inner-masonry-sizer'><\/div><figure class='av-inner-masonry main_color'><div class=\"av-masonry-outerimage-container\"><div class=\"av-masonry-image-container\" style=\"background-image: url(https:\/\/www.cutislaxa.org\/wp-content\/uploads\/2017\/12\/cutislaxa.pitt_.edufaq-705x469.png);\" title=\"cutislaxa.pitt.edu\"  alt=\"cutislaxa.pitt.edu\" ><\/div><\/div><figcaption class='av-inner-masonry-content site-background'><div class='av-inner-masonry-content-pos'><div class='av-inner-masonry-content-pos-content'><div class='avia-arrow'><\/div><h3 class='av-masonry-entry-title entry-title '  itemprop=\"headline\" >cutislaxa.pitt.edu<\/h3><\/div><\/div><\/figcaption><\/figure><\/a><!--end av-masonry entry--><a href=\"https:\/\/rarediseases.org\/rare-diseases\/cutis-laxa\/\" aria-label=\"image rarediseases.org\" target=\"_blank\" rel=\"noopener noreferrer\" id='av-masonry-1-item-7100' data-av-masonry-item='7100' class='av-masonry-entry isotope-item post-7100 attachment type-attachment status-inherit hentry  av-masonry-item-with-image' title=\"rarediseases.org\" alt=\"rarediseases.org\" itemprop=\"thumbnailUrl\"><div class='av-inner-masonry-sizer'><\/div><figure class='av-inner-masonry main_color'><div class=\"av-masonry-outerimage-container\"><div class=\"av-masonry-image-container\" style=\"background-image: url(https:\/\/www.cutislaxa.org\/wp-content\/uploads\/2017\/12\/rarediseases.orgrare-diseasescutis-laxa-705x444.png);\" title=\"rarediseases.org\"  alt=\"rarediseases.org\" ><\/div><\/div><figcaption class='av-inner-masonry-content site-background'><div class='av-inner-masonry-content-pos'><div class='av-inner-masonry-content-pos-content'><div class='avia-arrow'><\/div><h3 class='av-masonry-entry-title entry-title '  itemprop=\"headline\" >rarediseases.org<\/h3><\/div><\/div><\/figcaption><\/figure><\/a><!--end av-masonry entry--><a href=\"https:\/\/fr.wikipedia.org\/wiki\/Cutis_laxa\" aria-label=\"image wikipedia.org\" target=\"_blank\" rel=\"noopener noreferrer\" id='av-masonry-1-item-19290' data-av-masonry-item='19290' class='av-masonry-entry isotope-item post-19290 attachment type-attachment status-inherit hentry  av-masonry-item-with-image' title=\"wikipedia.org\" alt=\"wikipedia.org\" itemprop=\"thumbnailUrl\"><div class='av-inner-masonry-sizer'><\/div><figure class='av-inner-masonry main_color'><div class=\"av-masonry-outerimage-container\"><div class=\"av-masonry-image-container\" style=\"background-image: url(https:\/\/www.cutislaxa.org\/wp-content\/uploads\/2026\/03\/wikipedia-2026-1-705x445.jpg);\" title=\"wikipedia.org\"  alt=\"wikipedia.org\" ><\/div><\/div><figcaption class='av-inner-masonry-content site-background'><div class='av-inner-masonry-content-pos'><div class='av-inner-masonry-content-pos-content'><div class='avia-arrow'><\/div><h3 class='av-masonry-entry-title entry-title '  itemprop=\"headline\" >wikipedia.org<\/h3><\/div><\/div><\/figcaption><\/figure><\/a><!--end av-masonry entry--><a href=\"https:\/\/www.orpha.net\/fr\/disease\/detail\/209?name=Cutis%20laxa&amp;mode=name\" aria-label=\"image orpha.net\" target=\"_blank\" rel=\"noopener noreferrer\" id='av-masonry-1-item-19287' data-av-masonry-item='19287' class='av-masonry-entry isotope-item post-19287 attachment type-attachment status-inherit hentry  av-masonry-item-with-image' title=\"orpha.net\" alt=\"orpha.net\" itemprop=\"thumbnailUrl\"><div class='av-inner-masonry-sizer'><\/div><figure class='av-inner-masonry main_color'><div class=\"av-masonry-outerimage-container\"><div class=\"av-masonry-image-container\" style=\"background-image: url(https:\/\/www.cutislaxa.org\/wp-content\/uploads\/2026\/03\/orphanet-2026-1-705x445.jpg);\" title=\"orpha.net\"  alt=\"orpha.net\" ><\/div><\/div><figcaption class='av-inner-masonry-content site-background'><div class='av-inner-masonry-content-pos'><div class='av-inner-masonry-content-pos-content'><div class='avia-arrow'><\/div><h3 class='av-masonry-entry-title entry-title '  itemprop=\"headline\" >orpha.net<\/h3><\/div><\/div><\/figcaption><\/figure><\/a><!--end av-masonry entry--><\/div><\/div><br \/>\n<div  style='height:10px' class='hr hr-invisible   avia-builder-el-6  el_after_av_masonry_gallery  el_before_av_textblock  avia-builder-el-first '><span class='hr-inner ' ><span class='hr-inner-style'><\/span><\/span><\/div><br \/>\n<section class=\"av_textblock_section \"  itemscope=\"itemscope\" itemtype=\"https:\/\/schema.org\/CreativeWork\" ><div class='avia_textblock  '  style='font-size:18px; '  itemprop=\"text\" ><p>Nous avons choisi <a href=\"http:\/\/cutislaxa.pitt.edu\" target=\"_blank\" rel=\"noopener\">cutislaxa.pitt.edu<\/a> pour sa clart\u00e9 et les informations r\u00e9centes qu\u2019elle contient.<br \/>\nNous vous recommandons de visiter les autres sites afin de compl\u00e9ter vos recherches d\u2019informations sur la Cutis Laxa.<\/p>\n<p>Vous pourriez aussi avoir besoin de poser des questions \u00e0 un conseiller en g\u00e9n\u00e9tique<em> (en anglais) : <\/em><a href=\"https:\/\/www.thinkgenetic.com\/contact-counselor\"> https:\/\/www.thinkgenetic.com\/contact-counselor<\/a><\/p>\n<\/div><\/section><\/p><\/div><\/div><\/div><\/main><!-- close content main element --><\/div><\/div><div id='av_section_2'  class='avia-section main_color avia-section-small avia-no-border-styling  avia-bg-style-scroll  avia-builder-el-8  el_after_av_section  el_before_av_one_full   container_wrap fullsize' style=' '  ><div class='container' ><div class='template-page content  av-content-full alpha units'><div class='post-entry post-entry-type-page post-entry-3472'><div class='entry-content-wrapper clearfix'>\n<div class=\"flex_column av_three_fifth  flex_column_div av-zero-column-padding first  avia-builder-el-9  el_before_av_two_fifth  avia-builder-el-first  \" style='border-radius:0px; '><p><section class=\"av_textblock_section \"  itemscope=\"itemscope\" itemtype=\"https:\/\/schema.org\/CreativeWork\" ><div class='avia_textblock  '   itemprop=\"text\" ><p><em>*La traduction du texte qui suit a \u00e9t\u00e9 faite par Marie-Claude Boiteux. Cette page de notre site n\u2019a pour seul et unique but que de permettre aux malades et \u00e0 leurs familles d\u2019en savoir un peu plus sur leur maladie. Elle n\u2019est en aucun cas exhaustive.<\/em><\/p>\n<\/div><\/section><br \/>\n<div  style='height:50px' class='hr hr-invisible   avia-builder-el-11  el_after_av_textblock  el_before_av_textblock '><span class='hr-inner ' ><span class='hr-inner-style'><\/span><\/span><\/div><br \/>\n<section class=\"av_textblock_section \"  itemscope=\"itemscope\" itemtype=\"https:\/\/schema.org\/CreativeWork\" ><div class='avia_textblock  '   itemprop=\"text\" ><h4><strong>QU&rsquo;EST-CE QUE LA CUTIS LAXA ?<\/strong><\/h4>\n<p>La Cutis Laxa (mot latin pour Peau L\u00e2che ou Rel\u00e2ch\u00e9e) est une maladie rare du tissu conjonctif qui n&rsquo;atteint qu&rsquo;environ 400 familles dans le monde, soit 1 naissance sur 2 000 000. Le tissu conjonctif, appel\u00e9 aussi matrice extracellulaire, donne la charpente structurelle de nombreuses parties du corps comme la peau, les muscles, les articulations, les vaisseaux sanguins et m\u00eame les organes internes. Le sympt\u00f4me le plus \u00e9vident de la Cutis Laxa est une peau rid\u00e9e et pendante, sp\u00e9cialement sur le visage, le tronc, les bras et les jambes. La peau pend en plis et donne une apparence \u00e2g\u00e9e. Il y a de nombreux types diff\u00e9rents de Cutis Laxa, y compris une forme acquise ainsi que plusieurs formes h\u00e9rit\u00e9es. Etant donn\u00e9 que la Cutis Laxa est caus\u00e9e par un d\u00e9faut ou une d\u00e9ficience du tissu conjonctif, les sympt\u00f4mes cutan\u00e9s sont aussi, et souvent, observ\u00e9s en conjonction avec des probl\u00e8mes impliquant les syst\u00e8mes respiratoire, osseux, intestinaux et cardiovasculaires. L&rsquo;implication de l&rsquo;un ou l&rsquo;autre de ces syst\u00e8mes corporels, si il y en a une, d\u00e9pend du type de Cutis Laxa et\/ou de la cause g\u00e9n\u00e9tique.<\/p>\n<hr \/>\n<h4><strong>COMMENT LA CUTIS LAXA EST-ELLE HERITEE ?<\/strong><\/h4>\n<p>La Cutis Laxa est h\u00e9rit\u00e9e de nombreuses fa\u00e7ons diff\u00e9rentes selon le type de Cutis Laxa. Il y a des formes de Cutis Laxa h\u00e9rit\u00e9es de fa\u00e7on Autosomale Dominante (AD), Autosomale R\u00e9cessive (AR) et R\u00e9cessive Li\u00e9e \u00e0 l&rsquo;X (XLR). La Cutis Laxa peut aussi \u00eatre Acquise par des individus qui n&rsquo;ont pas une des formes h\u00e9rit\u00e9es de Cutis Laxa. La cause de la forme Acquise de Cutis Laxa est inconnue, mais elle atteint plus typiquement des adultes d&rsquo;\u00e2ge moyen apr\u00e8s une maladie s\u00e9v\u00e8re avec fi\u00e8vre et \u00e9ruption cutan\u00e9e. Le tissu conjonctif\u00a0 de ces individus peut avoir subi des dommages pour des raisons environnementales comme une exposition \u00e0 certains m\u00e9dicaments, des infections, des traitements anticanc\u00e9reux ou encore \u00e0 la suite d&rsquo;une maladie auto-immune comme le Lupus ou l&rsquo;Arthrite Rhumato\u00efde. Pour plus d&rsquo;information sur la transmission de la Cutis Laxa, voir la page <a href=\"http:\/\/cutislaxa.pitt.edu\/inheritance.php\">Transmission de la Cutis Laxa<\/a> sur le site de Pittsburgh (en anglais) ou notre explication de la <a href=\"https:\/\/www.cutislaxa.org\/fr\/transmision-genetica\/\">Transmission G\u00e9n\u00e9tique<\/a> en langage simple (en Fran\u00e7ais)<\/p>\n<hr \/>\n<\/div><\/section><br \/>\n<section class=\"av_textblock_section \"  itemscope=\"itemscope\" itemtype=\"https:\/\/schema.org\/CreativeWork\" ><div class='avia_textblock  '   itemprop=\"text\" ><h4><strong>QUELS SONT LES DIFFERENTS TYPES DE CUTIS LAXA ?<\/strong><\/h4>\n<\/div><\/section><br \/>\n<div   class=\"togglecontainer   toggle_close_all  avia-builder-el-14  el_after_av_textblock  el_before_av_hr \" >\n<section class=\"av_toggle_section\"  itemscope=\"itemscope\" itemtype=\"https:\/\/schema.org\/CreativeWork\"  >    <div role=\"tablist\" class=\"single_toggle\" data-tags=\"{Tout} \"  >        <p data-fake-id=\"#toggle-id-1\" class=\"toggler \"  itemprop=\"headline\"    role=\"tab\" tabindex=\"0\" aria-controls=\"toggle-id-1\">Cutis Laxa Autosomale Dominante (ADCL)<span class=\"toggle_icon\" >        <span class=\"vert_icon\"><\/span><span class=\"hor_icon\"><\/span><\/span><\/p>        <div id=\"toggle-id-1\" class=\"toggle_wrap \"   >            <div class=\"toggle_content invers-color \"  itemprop=\"text\"   ><p><strong>Cutis Laxa Autosomale Dominante (ADCL)<\/strong> <a href=\"http:\/\/www.ncbi.nlm.nih.gov\/omim\/123700\" target=\"_blank\" rel=\"noopener\">ADCL<\/a> Les sympt\u00f4mes de l\u2019 ADCL peuvent surgir \u00e0 tout moment entre la naissance et le d\u00e9but de l\u2019\u00e2ge adulte. Chez certains patients, il n\u2019existe que le sympt\u00f4me de peau l\u00e2che. Cependant, certaines familles pr\u00e9sentent \u00e9galement des caract\u00e9ristiques faciales sp\u00e9cifiques concernant le nez et les yeux ainsi que des probl\u00e8mes cardiovasculaires et pulmonaires tels que an\u00e9vrisme aortique et emphys\u00e8me. Une \u00e9chocardiographie et un bilan des fonctions respiratoires sont recommand\u00e9s chez ces patients afin d\u2019identifier les complications pulmonaires et cardiaques avant qu\u2019elles ne pr\u00e9sentent un risque vital. Bien que la plupart des cas d\u2019ADCL r\u00e9sultent de mutations sur le g\u00e8ne de l\u2019\u00e9lastine (ELN), il a \u00e9t\u00e9 trouv\u00e9 au moins une famille avec l\u2019ADCL pr\u00e9sentant une mutation du g\u00e8ne Fibuline-5 (FBLN5) qui est la cause de la Cutis Laxa Autosomale R\u00e9cessive Type 1B (ARCL1B).<\/p>\n            <\/div>        <\/div>    <\/div><\/section>\n<section class=\"av_toggle_section\"  itemscope=\"itemscope\" itemtype=\"https:\/\/schema.org\/CreativeWork\"  >    <div role=\"tablist\" class=\"single_toggle\" data-tags=\"{Tout} \"  >        <p data-fake-id=\"#toggle-id-2\" class=\"toggler \"  itemprop=\"headline\"    role=\"tab\" tabindex=\"0\" aria-controls=\"toggle-id-2\">Cutis Laxa Autosomale R\u00e9cessive (ARCL) <span class=\"toggle_icon\" >        <span class=\"vert_icon\"><\/span><span class=\"hor_icon\"><\/span><\/span><\/p>        <div id=\"toggle-id-2\" class=\"toggle_wrap \"   >            <div class=\"toggle_content invers-color \"  itemprop=\"text\"   ><p><strong>Cutis Laxa Autosomale R\u00e9cessive (ARCL)\u00a0<\/strong> ARCL is L\u2019ARCL est divis\u00e9e en plusieurs sous-types, bas\u00e9s \u00e0 la fois sur des sympt\u00f4mes sp\u00e9cifiques et sur le g\u00e8ne qui est la cause de la maladie. L\u2019ARCL est divis\u00e9e en\u00a0 ARCL1 (souvent associ\u00e9e \u00e0 des complications pulmonaires et vasculaires s\u00e9v\u00e8res), ARCL2 (caract\u00e9ris\u00e9e par un retard de croissance et de d\u00e9veloppement), et ARCL3, elles-m\u00eames divis\u00e9es ensuite en sous-types additionnels :<\/p>\n<ul>\n<li><strong>ARCL1A ou Cutis Laxa li\u00e9e \u00e0 FBLN5<\/strong> (Fibuline 5) est caract\u00e9ris\u00e9e par une peau l\u00e2che, des hernies et une atteinte pulmonaire telle que l\u2019emphys\u00e8me et ce d\u00e8s le plus jeune \u00e2ge. Cependant il y a une certaine variabilit\u00e9 de l\u2019\u00e2ge d\u2019apparition de ces sympt\u00f4mes. L\u2019ARCL1A est due \u00e0 des mutations sur le <a href=\"http:\/\/ghr.nlm.nih.gov\/gene\/FBLN5\" target=\"_blank\" rel=\"noopener\">g\u00e8ne FBLN5<\/a>.<\/li>\n<li><strong>ARCL1B ou Cutis Laxa li\u00e9e \u00e0 FBLN4<\/strong> <strong>(EFEMP2) (Fibuline 4)<\/strong> est caract\u00e9ris\u00e9e par une peau l\u00e2che associ\u00e9e\u00a0 \u00e0 des sympt\u00f4mes impliquant d\u2019autres parties du corps, plus pr\u00e9cis\u00e9ment le syst\u00e8me cardiovasculaire ( probl\u00e8mes art\u00e9riels tels que tortuosit\u00e9, an\u00e9vrismes, st\u00e9noses), le squelette (laxit\u00e9 articulaire, doigts longs et fins, hernies et fragilit\u00e9 osseuse) et quelques caract\u00e9ristiques morphologiques impliquant le visage et la t\u00eate ( petit menton, haute voute palatine, yeux tr\u00e8s espac\u00e9s). L\u2019ARCL1B peut \u00eatre tr\u00e8s s\u00e9v\u00e8re avec une esp\u00e9rance vitale tr\u00e8s courte apr\u00e8s la naissance, mais elle peut \u00e9galement se limiter aux vaisseaux sanguins et aux caract\u00e9ristiques faciales mentionn\u00e9es plus haut. L\u2019ARCL1B est due \u00e0 des mutations sur le <a href=\"https:\/\/ghr.nlm.nih.gov\/gene\/EFEMP2\" target=\"_blank\" rel=\"noopener\">g\u00e8ne FBLN4 (EFEMP2).<\/a><\/li>\n<li><strong>ARCL1C ou Cutis Laxa li\u00e9e \u00e0 LTBP4<\/strong> est caract\u00e9ris\u00e9e par une peau l\u00e2che, associ\u00e9e \u00e0 des probl\u00e8mes pulmonaires, gastro-intestinaux et urinaires s\u00e9v\u00e8res. L\u2019ARCL1C est aussi connue sous le nom de Syndrome Urban-Rifkin-Davis (URDS).\u00a0 L\u2019ARCL1C est due \u00e0 des mutations sur le\u00a0<a href=\"https:\/\/ghr.nlm.nih.gov\/gene\/LTBP4\" target=\"_blank\" rel=\"noopener\">g\u00e8ne LTBP4 gene<\/a>.<\/li>\n<li><a href=\"http:\/\/www.ncbi.nlm.nih.gov\/books\/NBK5200\/\" target=\"_blank\" rel=\"noopener\"><strong>ARCL2A<\/strong><\/a>ou Cutis Laxa li\u00e9e \u00e0 ATP6V0A2 est due \u00e0 des\u00a0 mutations sur le g\u00e8ne ATP6V0A2. Les individus atteints de ce type de Cutis Laxa ont une peau rid\u00e9e sur la totalit\u00e9 du corps qui, typiquement, s\u2019am\u00e9liore avec l\u2019\u00e2ge. Les autres caract\u00e9ristiques de ces enfants incluent une fontanelle ant\u00e9rieure \u00e9largie, une luxation des hanches \u00e0 la naissance, des hernies, et une myopie. De nombreux individus ayant cette forme de Cutis Laxa ont un retard de\u00a0d\u00e9veloppement s\u00e9v\u00e8re et des attaques. Le <a href=\"http:\/\/www.ncbi.nlm.nih.gov\/omim\/278250\" target=\"_blank\" rel=\"noopener\">Wrinkly Skin Syndrome<\/a> ( Syndrome de la Peau Frip\u00e9e), qui entra\u00eene une peau rid\u00e9e, une t\u00eate de petite taille et un retard mental, ainsi que des probl\u00e8mes musculaires et osseux est provoqu\u00e9 par des mutations sur le m\u00eame <a href=\"https:\/\/ghr.nlm.nih.gov\/gene\/ATP6V0A2\" target=\"_blank\" rel=\"noopener\">g\u00e8ne ATP6V0A2<\/a>.<\/li>\n<\/ul>\n<ul>\n<li><strong>ARCL2B ou Cutis Laxa li\u00e9e \u00e0 PYCR1<\/strong> est due \u00e0 des mutations sur le <a href=\"https:\/\/ghr.nlm.nih.gov\/gene\/PYCR1\" target=\"_blank\" rel=\"noopener\">g\u00e8ne PYCR1<\/a>. Les signes cliniques de cette maladie comprennent une peau l\u00e2che donnant une apparence \u00e2g\u00e9e, un retard de croissance, un retard de d\u00e9veloppement, des probl\u00e8mes osseux et articulaires, une t\u00eate de petite taille, un grand front, un visage de forme triangulaire et de grandes oreilles.<\/li>\n<li><strong>ARCL3A connu aussi sous le nom de Syndrome De Barsy A<\/strong> ce sous-type est caract\u00e9ris\u00e9 par un retard de croissance (limitations ou retards dans la croissance), un handicap intellectuel variable, un aspect \u00e2g\u00e9, des anomalies oculaires telles que la cataracte et une laxit\u00e9 cutan\u00e9e et articulaire. Des hernies inguinales et ombilicales sont aussi parfois associ\u00e9es \u00e0 ce syndrome. Ce sous-type est caus\u00e9 par des mutations sur le g\u00e8ne <a href=\"https:\/\/ghr.nlm.nih.gov\/gene\/ALDH18A1\" target=\"_blank\" rel=\"noopener\"><span style=\"color: #0000ff;\">ALDH18A1<\/span><\/a>. Un certain nombre de personnes ayant des mutations sur ce g\u00e8ne ont une production de certains types d&rsquo;acides amin\u00e9s et peuvent avoir un taux\u00a0 \u00e9lev\u00e9 d&rsquo;ammoniac.<\/li>\n<li><strong>ARCL3B ou Syndrome De Barsy B <\/strong>, ce sous-type pr\u00e9sente les m\u00eames sympt\u00f4mes que le ARCL3 A. Cependant il est caus\u00e9 par des mutations sur le g\u00e8ne <span style=\"color: #0000ff;\">PYCR1<\/span><\/li>\n<\/ul>\n            <\/div>        <\/div>    <\/div><\/section>\n<section class=\"av_toggle_section\"  itemscope=\"itemscope\" itemtype=\"https:\/\/schema.org\/CreativeWork\"  >    <div role=\"tablist\" class=\"single_toggle\" data-tags=\"{Tout} \"  >        <p data-fake-id=\"#toggle-id-3\" class=\"toggler \"  itemprop=\"headline\"    role=\"tab\" tabindex=\"0\" aria-controls=\"toggle-id-3\">Occipital Horn Syndrome (OHS) (Syndrome de la Corne Occipitale)<span class=\"toggle_icon\" >        <span class=\"vert_icon\"><\/span><span class=\"hor_icon\"><\/span><\/span><\/p>        <div id=\"toggle-id-3\" class=\"toggle_wrap \"   >            <div class=\"toggle_content invers-color \"  itemprop=\"text\"   ><p>L\u2019OHS est rare, avec moins de 100 cas rapport\u00e9s dans le monde. Les sympt\u00f4mes commencent habituellement dans les 10 premi\u00e8res ann\u00e9es de vie et incluent une peau l\u00e2che, des probl\u00e8mes osseux ( excroissances osseuses \u00e0 l\u2019arri\u00e8re du cr\u00e2ne, laxit\u00e9 articulaire et petite taille), respiratoires (poumons), cardiovasculaires (c\u0153ur), et gastro-intestinaux tels que\u00a0 emphys\u00e8me, an\u00e9vrismes et hernies. Il peut \u00e9galement y avoir un faible tonus musculaire et un niveau d\u2019intelligence situ\u00e9 entre la moyenne inf\u00e9rieure et un retard mental l\u00e9ger. L\u2019OHS\u00a0 une maladie du m\u00e9tabolisme du cuivre caus\u00e9e par des mutations (modifications)sur le <a href=\"https:\/\/ghr.nlm.nih.gov\/gene\/ATP7A\">g\u00e8ne ATP7A<\/a> \u00a0. Les mutations sur ce g\u00e8ne emp\u00eachent les cellules du corps de recevoir suffisamment de cuivre. Ce dernier est n\u00e9cessaire au fonctionnement correct des enzymes dans de nombreux types de cellules, comme celles des os, de la peau, et des cheveux, y compris celles qui composent les vaisseaux sanguins et le syst\u00e8me nerveux. L\u2019OHS est consid\u00e9r\u00e9 comme \u00e9tant moins s\u00e9v\u00e8re que le Syndrome de <a href=\"http:\/\/ghr.nlm.nih.gov\/condition\/menkes-syndrome\" target=\"_blank\" rel=\"noopener\">Menkes<\/a>\u00a0qui est lui aussi caus\u00e9 par des mutations sur le g\u00e8ne ATP7A . L\u2019OHS \u00e9tait auparavant r\u00e9f\u00e9renc\u00e9 comme \u00e9tant le Syndrome d\u2019Ehlers-Danlos Type IX et la Cutis Laxa li\u00e9e \u00e0 l\u2019X. Il a \u00e9t\u00e9 appel\u00e9 Cutis Laxa li\u00e9e \u00e0 l\u2019X car le g\u00e8ne ATP7A est situ\u00e9 sur le chromosome X et la maladie est transmise de fa\u00e7on r\u00e9cessive li\u00e9e \u00e0 l\u2019X (XLR). Pour cette raison, l\u2019OHS n\u2019affecte habituellement que les hommes.<\/p>\n            <\/div>        <\/div>    <\/div><\/section>\n<section class=\"av_toggle_section\"  itemscope=\"itemscope\" itemtype=\"https:\/\/schema.org\/CreativeWork\"  >    <div role=\"tablist\" class=\"single_toggle\" data-tags=\"{Tout} \"  >        <p data-fake-id=\"#toggle-id-4\" class=\"toggler \"  itemprop=\"headline\"    role=\"tab\" tabindex=\"0\" aria-controls=\"toggle-id-4\">Le Gerodermia Osteodysplastica (GO)<span class=\"toggle_icon\" >        <span class=\"vert_icon\"><\/span><span class=\"hor_icon\"><\/span><\/span><\/p>        <div id=\"toggle-id-4\" class=\"toggle_wrap \"   >            <div class=\"toggle_content invers-color \"  itemprop=\"text\"   ><p>Le GO est un type de Cutis Laxa qui appara\u00eet chez les b\u00e9b\u00e9s et les jeunes enfants. Ces enfants ont une peau laxe, plus particuli\u00e8rement sur les mains, les pieds et le ventre, ainsi que sur le visage. D\u2019autres caract\u00e9ristiques incluent une petite m\u00e2choire, des luxations de hanches, des hernies, une ost\u00e9oporose, des fractures et un nanisme. Comme dans l\u2019ARCL3, il n\u2019y a habituellement pas de sympt\u00f4mes cardiovasculaires et pulmonaires. La GO est aussi une maladie autosomique r\u00e9cessive caus\u00e9e par des mutations sur le <a href=\"https:\/\/ghr.nlm.nih.gov\/gene\/GORAB\">g\u00e8ne GORAB (SCYL1BP1).\u00a0<\/a><\/p>\n            <\/div>        <\/div>    <\/div><\/section>\n<section class=\"av_toggle_section\"  itemscope=\"itemscope\" itemtype=\"https:\/\/schema.org\/CreativeWork\"  >    <div role=\"tablist\" class=\"single_toggle\" data-tags=\"{Tout} \"  >        <p data-fake-id=\"#toggle-id-5\" class=\"toggler \"  itemprop=\"headline\"    role=\"tab\" tabindex=\"0\" aria-controls=\"toggle-id-5\">Syndrome de MACS <span class=\"toggle_icon\" >        <span class=\"vert_icon\"><\/span><span class=\"hor_icon\"><\/span><\/span><\/p>        <div id=\"toggle-id-5\" class=\"toggle_wrap \"   >            <div class=\"toggle_content invers-color \"  itemprop=\"text\"   ><p><a href=\"http:\/\/www.ncbi.nlm.nih.gov\/omim\/613075\">Le Syndrome de MACS<\/a> est une association de Macroc\u00e9phalie (grosse t\u00eate), Alop\u00e9cie (cheveux clairsem\u00e9s), Cutis Laxa (peau laxe) et Scoliose. D\u2019autres caract\u00e9ristiques incluent des paupi\u00e8res gonfl\u00e9es, des pieds plats, une laxit\u00e9 articulaire et une petite taille. Le Syndrome de MACS est une maladie autosomale r\u00e9cessive provoqu\u00e9e par des mutations sur le <a href=\"http:\/\/ghr.nlm.nih.gov\/gene\/RIN2\">g\u00e8ne\u00a0 RIN2.<\/a><\/p>\n            <\/div>        <\/div>    <\/div><\/section>\n<section class=\"av_toggle_section\"  itemscope=\"itemscope\" itemtype=\"https:\/\/schema.org\/CreativeWork\"  >    <div role=\"tablist\" class=\"single_toggle\" data-tags=\"{Tout} \"  >        <p data-fake-id=\"#toggle-id-6\" class=\"toggler \"  itemprop=\"headline\"    role=\"tab\" tabindex=\"0\" aria-controls=\"toggle-id-6\">La Cutis Laxa Acquise<span class=\"toggle_icon\" >        <span class=\"vert_icon\"><\/span><span class=\"hor_icon\"><\/span><\/span><\/p>        <div id=\"toggle-id-6\" class=\"toggle_wrap \"   >            <div class=\"toggle_content invers-color \"  itemprop=\"text\"   ><p>La Cutis Laxa Acquise appara\u00eet habituellement chez les adultes. Bien que sa cause soit inconnue, elle a \u00e9t\u00e9 observ\u00e9e chez certains individus apr\u00e8s certaines expositions environnementales, telles que certains m\u00e9dicaments, des infections ou des maladies auto-immunes. La Cutis Laxa Acquise n\u2019est\u00a0 pas transmise g\u00e9n\u00e9tiquement. Cependant, un des axes\u00a0 des recherches men\u00e9es par le Dr Zsolt Urban est de d\u00e9terminer si certains individus peuvent avoir une pr\u00e9disposition g\u00e9n\u00e9tique \u00e0 d\u00e9velopper une Cutis Laxa apr\u00e8s certaines expositions.<\/p>\n            <\/div>        <\/div>    <\/div><\/section>\n<\/div><br \/>\n<div   class='hr hr-default   avia-builder-el-15  el_after_av_toggle_container  el_before_av_textblock '><span class='hr-inner ' ><span class='hr-inner-style'><\/span><\/span><\/div><br \/>\n<section class=\"av_textblock_section \"  itemscope=\"itemscope\" itemtype=\"https:\/\/schema.org\/CreativeWork\" ><div class='avia_textblock  '   itemprop=\"text\" ><h4><strong>COMMENT DIAGNOSTIQUER LA CUTIS LAXA ?<\/strong><\/h4>\n<p>Le diagnostic de la Cutis Laxa est g\u00e9n\u00e9ralement fait par un examen\u00a0 de la peau r\u00e9alis\u00e9 par un m\u00e9decin sp\u00e9cialiste tel que G\u00e9n\u00e9ticien ou Dermatologue. Le type sp\u00e9cifique de Cutis Laxa est d\u00e9termin\u00e9 par les sympt\u00f4mes associ\u00e9s, les informations contenues dans l&rsquo;histoire familiale, et, dans certains cas, peut \u00eatre confirm\u00e9e par une analyse g\u00e9n\u00e9tique. Cependant, certains patients avec ou sans identification clinique du g\u00e8ne causant leur Cutis Laxa, peuvent choisir de participer aux recherches men\u00e9es par le Dr Zsolt Urban \u00e0 l&rsquo;Universit\u00e9 de Pittsburgh.<\/p>\n<hr \/>\n<h4><strong>EXISTE-T-IL DES TRAITEMENTS DISPONIBLES POUR LA CUTIS LAXA ?<\/strong><\/h4>\n<p>Apr\u00e8s le diagnostic initial, il est n\u00e9cessaire de faire des examens compl\u00e9mentaires au niveau cardiovasculaire et pulmonaire, tels que \u00e9chocardiographie et examen des fonctions respiratoires. La prise en charge des individus atteints de Cutis Laxa inclue les traitements des sympt\u00f4mes, tels que interventions chirurgicales pour les hernies, des m\u00e9dicaments comme les b\u00eata bloquants peuvent \u00eatre consid\u00e9r\u00e9s pour \u00e9viter l&rsquo;aggravation des an\u00e9vrismes aortiques,et l&#8217;emphys\u00e8me pulmonaire est trait\u00e9 de fa\u00e7on symptomatique. Un suivi r\u00e9gulier au niveau cardio-vasculaire et au niveau pulmonaire devrait \u00eatre commenc\u00e9 d\u00e8s la naissance ou juste apr\u00e8s le diagnostic. Des d\u00e9clencheurs environnementaux comme le tabagisme, qui peut aggraver l&#8217;emphys\u00e8me, ou les bains de soleil, qui peuvent causer des dommages \u00e0 la peau, doivent \u00eatre \u00e9vit\u00e9s, sp\u00e9cialement par les patients atteints de Cutis Laxa. Certaines personnes ayant une Cutis Laxa peuvent choisir d&rsquo;avoir recours \u00e0 la chirurgie r\u00e9paratrice. Bien que les r\u00e9sultats des op\u00e9rations de chirurgie plastique soient habituellement tr\u00e8s bons, il est possible que ces r\u00e9sultats ne soient pas stables dans le temps car la peau laxe peut r\u00e9appara\u00eetre.<\/p>\n<\/div><\/section><\/p><\/div><div class=\"flex_column av_two_fifth  flex_column_div   avia-builder-el-17  el_after_av_three_fifth  el_before_av_hr  \" style='padding:20px; background-color:#f5f5f2; border-radius:0px; '><div  class='av-alb-blogposts template-blog  av-blog-meta-author-disabled av-blog-meta-comments-disabled av-blog-meta-html-info-disabled '  itemscope=\"itemscope\" itemtype=\"https:\/\/schema.org\/Blog\" ><article class='post-entry post-entry-type-standard post-entry-19144 post-loop-1 post-parity-odd single-small with-slider post-19144 post type-post status-publish format-standard has-post-thumbnail hentry category-quoi-de-neuf category-recherche category-recherche-medecine-genetique'  itemscope=\"itemscope\" itemtype=\"https:\/\/schema.org\/BlogPosting\" ><div class='blog-meta'><a href='https:\/\/www.cutislaxa.org\/fr\/les-problemes-cardiovasculaires-dans-la-cutis-laxa\/' class='small-preview'  title=\"gene\"   itemprop=\"image\" itemscope=\"itemscope\" itemtype=\"https:\/\/schema.org\/ImageObject\" ><img loading=\"lazy\" decoding=\"async\" width=\"36\" height=\"36\" src=\"https:\/\/www.cutislaxa.org\/wp-content\/uploads\/2017\/07\/gene-36x36.jpg\" class=\"wp-image-6776 avia-img-lazy-loading-6776 attachment-widget size-widget wp-post-image\" alt=\"\" srcset=\"https:\/\/www.cutislaxa.org\/wp-content\/uploads\/2017\/07\/gene-36x36.jpg 36w, https:\/\/www.cutislaxa.org\/wp-content\/uploads\/2017\/07\/gene-80x80.jpg 80w, https:\/\/www.cutislaxa.org\/wp-content\/uploads\/2017\/07\/gene-180x180.jpg 180w, https:\/\/www.cutislaxa.org\/wp-content\/uploads\/2017\/07\/gene-120x120.jpg 120w, https:\/\/www.cutislaxa.org\/wp-content\/uploads\/2017\/07\/gene.jpg 300w\" sizes=\"auto, (max-width: 36px) 100vw, 36px\" \/><span class=\"iconfont\" aria-hidden='true' data-av_icon='\ue836' data-av_iconfont='entypo-fontello'><\/span><\/a><\/div><div class='entry-content-wrapper clearfix standard-content'><header class=\"entry-content-header\"><h2 class='post-title entry-title '  itemprop=\"headline\" ><a href='https:\/\/www.cutislaxa.org\/fr\/les-problemes-cardiovasculaires-dans-la-cutis-laxa\/' rel='bookmark' title='Lien permanent : Les probl\u00e8mes cardiovasculaires dans la Cutis Laxa'>Les probl\u00e8mes cardiovasculaires dans la Cutis Laxa<span class='post-format-icon minor-meta'><\/span><\/a><\/h2><span class='post-meta-infos'><time class='date-container minor-meta updated' >mars 18, 2026<\/time><span class='text-sep text-sep-date'>\/<\/span><span class=\"blog-categories minor-meta\">dans <a href=\"https:\/\/www.cutislaxa.org\/fr\/category\/quoi-de-neuf\/\" rel=\"tag\">Quoi de neuf<\/a>, <a href=\"https:\/\/www.cutislaxa.org\/fr\/category\/recherche\/\" rel=\"tag\">Recherche<\/a>, <a href=\"https:\/\/www.cutislaxa.org\/fr\/category\/quoi-de-neuf\/recherche-medecine-genetique\/\" rel=\"tag\">Recherche - M\u00e9decine - G\u00e9n\u00e9tique<\/a> <\/span><span class=\"text-sep text-sep-cat\">\/<\/span><span class=\"blog-author minor-meta\">par <span class=\"entry-author-link\"  itemprop=\"author\" ><span class=\"author\"><span class=\"fn\"><a href=\"https:\/\/www.cutislaxa.org\/fr\/author\/marie-claude\/\" title=\"Articles par Marie-Claude\" rel=\"author\">Marie-Claude<\/a><\/span><\/span><\/span><\/span><\/span><\/header><div class=\"entry-content\"  itemprop=\"text\" ><p>Dr Ilse MEERSCHAUT Selon une \u00e9tude portant sur 469 malades de CL, les troubles cardiovasculaires\u00a0sont pr\u00e9sents chez 50 \u00e0 80 % de ces malades. Il s\u2019agit principalement de tortuosit\u00e9, an\u00e9vrismes ou st\u00e9noses art\u00e9rielles. Plusieurs types de Cutis Laxa sont plus particuli\u00e8rement concern\u00e9s\u00a0: les mutations FBLN4, SLC2A10, LOX et EMILIN1 avec une tortuosit\u00e9 de l\u2019aorte et [&hellip;]<\/p>\n<div class=\"read-more-link\"><a href=\"https:\/\/www.cutislaxa.org\/fr\/les-problemes-cardiovasculaires-dans-la-cutis-laxa\/\" class=\"more-link\">Lire la suite<span class=\"more-link-arrow\"><\/span><\/a><\/div>\n<\/div><footer class=\"entry-footer\"><\/footer><div class='post_delimiter'><\/div><\/div><div class='post_author_timeline'><\/div><span class='hidden'>\n\t\t\t\t<span class='av-structured-data'  itemprop=\"image\" itemscope=\"itemscope\" itemtype=\"https:\/\/schema.org\/ImageObject\" >\n\t\t\t\t\t\t<span itemprop='url'>https:\/\/www.cutislaxa.org\/wp-content\/uploads\/2017\/07\/gene.jpg<\/span>\n\t\t\t\t\t\t<span itemprop='height'>300<\/span>\n\t\t\t\t\t\t<span itemprop='width'>300<\/span>\n\t\t\t\t<\/span>\n\t\t\t\t<span class='av-structured-data'  itemprop=\"publisher\" itemtype=\"https:\/\/schema.org\/Organization\" itemscope=\"itemscope\" >\n\t\t\t\t\t\t<span itemprop='name'>Marie-Claude<\/span>\n\t\t\t\t\t\t<span itemprop='logo' itemscope itemtype='https:\/\/schema.org\/ImageObject'>\n\t\t\t\t\t\t\t<span itemprop='url'>http:\/\/www.cutislaxa.org\/wp-content\/uploads\/2017\/12\/NEW-LOGO-CLI-4.png<\/span>\n\t\t\t\t\t\t <\/span>\n\t\t\t\t<\/span><span class='av-structured-data'  itemprop=\"author\" itemscope=\"itemscope\" itemtype=\"https:\/\/schema.org\/Person\" ><span itemprop='name'>Marie-Claude<\/span><\/span><span class='av-structured-data'  itemprop=\"datePublished\" datetime=\"2026-03-18T18:24:44+01:00\" >2026-03-18 18:24:44<\/span><span class='av-structured-data'  itemprop=\"dateModified\" itemtype=\"https:\/\/schema.org\/dateModified\" >2026-03-18 18:24:44<\/span><span class='av-structured-data'  itemprop=\"mainEntityOfPage\" itemtype=\"https:\/\/schema.org\/mainEntityOfPage\" ><span itemprop='name'>Les probl\u00e8mes cardiovasculaires dans la Cutis Laxa<\/span><\/span><\/span><\/article><article class='post-entry post-entry-type-standard post-entry-19133 post-loop-2 post-parity-even single-small with-slider post-19133 post type-post status-publish format-standard has-post-thumbnail hentry category-quoi-de-neuf category-recherche category-recherche-medecine-genetique'  itemscope=\"itemscope\" itemtype=\"https:\/\/schema.org\/BlogPosting\" ><div class='blog-meta'><a href='https:\/\/www.cutislaxa.org\/fr\/cutis-laxa-acquise\/' class='small-preview'  title=\"gene\"   itemprop=\"image\" itemscope=\"itemscope\" itemtype=\"https:\/\/schema.org\/ImageObject\" ><img loading=\"lazy\" decoding=\"async\" width=\"36\" height=\"36\" src=\"https:\/\/www.cutislaxa.org\/wp-content\/uploads\/2017\/07\/gene-36x36.jpg\" class=\"wp-image-6776 avia-img-lazy-loading-6776 attachment-widget size-widget wp-post-image\" alt=\"\" srcset=\"https:\/\/www.cutislaxa.org\/wp-content\/uploads\/2017\/07\/gene-36x36.jpg 36w, https:\/\/www.cutislaxa.org\/wp-content\/uploads\/2017\/07\/gene-80x80.jpg 80w, https:\/\/www.cutislaxa.org\/wp-content\/uploads\/2017\/07\/gene-180x180.jpg 180w, https:\/\/www.cutislaxa.org\/wp-content\/uploads\/2017\/07\/gene-120x120.jpg 120w, https:\/\/www.cutislaxa.org\/wp-content\/uploads\/2017\/07\/gene.jpg 300w\" sizes=\"auto, (max-width: 36px) 100vw, 36px\" \/><span class=\"iconfont\" aria-hidden='true' data-av_icon='\ue836' data-av_iconfont='entypo-fontello'><\/span><\/a><\/div><div class='entry-content-wrapper clearfix standard-content'><header class=\"entry-content-header\"><h2 class='post-title entry-title '  itemprop=\"headline\" ><a href='https:\/\/www.cutislaxa.org\/fr\/cutis-laxa-acquise\/' rel='bookmark' title='Lien permanent : Cutis Laxa Acquise'>Cutis Laxa Acquise<span class='post-format-icon minor-meta'><\/span><\/a><\/h2><span class='post-meta-infos'><time class='date-container minor-meta updated' >mars 18, 2026<\/time><span class='text-sep text-sep-date'>\/<\/span><span class=\"blog-categories minor-meta\">dans <a href=\"https:\/\/www.cutislaxa.org\/fr\/category\/quoi-de-neuf\/\" rel=\"tag\">Quoi de neuf<\/a>, <a href=\"https:\/\/www.cutislaxa.org\/fr\/category\/recherche\/\" rel=\"tag\">Recherche<\/a>, <a href=\"https:\/\/www.cutislaxa.org\/fr\/category\/quoi-de-neuf\/recherche-medecine-genetique\/\" rel=\"tag\">Recherche - M\u00e9decine - G\u00e9n\u00e9tique<\/a> <\/span><span class=\"text-sep text-sep-cat\">\/<\/span><span class=\"blog-author minor-meta\">par <span class=\"entry-author-link\"  itemprop=\"author\" ><span class=\"author\"><span class=\"fn\"><a href=\"https:\/\/www.cutislaxa.org\/fr\/author\/marie-claude\/\" title=\"Articles par Marie-Claude\" rel=\"author\">Marie-Claude<\/a><\/span><\/span><\/span><\/span><\/span><\/header><div class=\"entry-content\"  itemprop=\"text\" ><p>Pr. Bert CALLEWAERT Ce type de Cutis Laxa reste aujourd\u2019hui encore le plus mal connu. Non inclus dans les formes g\u00e9n\u00e9tiques, il faut n\u00e9anmoins noter une pr\u00e9disposition \u00e0 la d\u00e9velopper ou pas. Si, depuis longtemps, on parle d\u2019une fa\u00e7on g\u00e9n\u00e9rale de La Cutis Laxa Acquise, on sait aujourd\u2019hui qu\u2019il existe au moins deux formes diff\u00e9rentes [&hellip;]<\/p>\n<div class=\"read-more-link\"><a href=\"https:\/\/www.cutislaxa.org\/fr\/cutis-laxa-acquise\/\" class=\"more-link\">Lire la suite<span class=\"more-link-arrow\"><\/span><\/a><\/div>\n<\/div><footer class=\"entry-footer\"><\/footer><div class='post_delimiter'><\/div><\/div><div class='post_author_timeline'><\/div><span class='hidden'>\n\t\t\t\t<span class='av-structured-data'  itemprop=\"image\" itemscope=\"itemscope\" itemtype=\"https:\/\/schema.org\/ImageObject\" >\n\t\t\t\t\t\t<span itemprop='url'>https:\/\/www.cutislaxa.org\/wp-content\/uploads\/2017\/07\/gene.jpg<\/span>\n\t\t\t\t\t\t<span itemprop='height'>300<\/span>\n\t\t\t\t\t\t<span itemprop='width'>300<\/span>\n\t\t\t\t<\/span>\n\t\t\t\t<span class='av-structured-data'  itemprop=\"publisher\" itemtype=\"https:\/\/schema.org\/Organization\" itemscope=\"itemscope\" >\n\t\t\t\t\t\t<span itemprop='name'>Marie-Claude<\/span>\n\t\t\t\t\t\t<span itemprop='logo' itemscope itemtype='https:\/\/schema.org\/ImageObject'>\n\t\t\t\t\t\t\t<span itemprop='url'>http:\/\/www.cutislaxa.org\/wp-content\/uploads\/2017\/12\/NEW-LOGO-CLI-4.png<\/span>\n\t\t\t\t\t\t <\/span>\n\t\t\t\t<\/span><span class='av-structured-data'  itemprop=\"author\" itemscope=\"itemscope\" itemtype=\"https:\/\/schema.org\/Person\" ><span itemprop='name'>Marie-Claude<\/span><\/span><span class='av-structured-data'  itemprop=\"datePublished\" datetime=\"2026-03-18T18:11:33+01:00\" >2026-03-18 18:11:33<\/span><span class='av-structured-data'  itemprop=\"dateModified\" itemtype=\"https:\/\/schema.org\/dateModified\" >2026-03-18 18:11:33<\/span><span class='av-structured-data'  itemprop=\"mainEntityOfPage\" itemtype=\"https:\/\/schema.org\/mainEntityOfPage\" ><span itemprop='name'>Cutis Laxa Acquise<\/span><\/span><\/span><\/article><article class='post-entry post-entry-type-standard post-entry-19119 post-loop-3 post-parity-odd post-entry-last single-small with-slider post-19119 post type-post status-publish format-standard has-post-thumbnail hentry category-number-mutations-fr category-quoi-de-neuf category-recherche category-recherche-medecine-genetique'  itemscope=\"itemscope\" itemtype=\"https:\/\/schema.org\/BlogPosting\" ><div class='blog-meta'><a href='https:\/\/www.cutislaxa.org\/fr\/nouvelle-classification-des-types-de-cutis-laxa\/' class='small-preview'  title=\"gene\"   itemprop=\"image\" itemscope=\"itemscope\" itemtype=\"https:\/\/schema.org\/ImageObject\" ><img loading=\"lazy\" decoding=\"async\" width=\"36\" height=\"36\" src=\"https:\/\/www.cutislaxa.org\/wp-content\/uploads\/2017\/07\/gene-36x36.jpg\" class=\"wp-image-6776 avia-img-lazy-loading-6776 attachment-widget size-widget wp-post-image\" alt=\"\" srcset=\"https:\/\/www.cutislaxa.org\/wp-content\/uploads\/2017\/07\/gene-36x36.jpg 36w, https:\/\/www.cutislaxa.org\/wp-content\/uploads\/2017\/07\/gene-80x80.jpg 80w, https:\/\/www.cutislaxa.org\/wp-content\/uploads\/2017\/07\/gene-180x180.jpg 180w, https:\/\/www.cutislaxa.org\/wp-content\/uploads\/2017\/07\/gene-120x120.jpg 120w, https:\/\/www.cutislaxa.org\/wp-content\/uploads\/2017\/07\/gene.jpg 300w\" sizes=\"auto, (max-width: 36px) 100vw, 36px\" \/><span class=\"iconfont\" aria-hidden='true' data-av_icon='\ue836' data-av_iconfont='entypo-fontello'><\/span><\/a><\/div><div class='entry-content-wrapper clearfix standard-content'><header class=\"entry-content-header\"><h2 class='post-title entry-title '  itemprop=\"headline\" ><a href='https:\/\/www.cutislaxa.org\/fr\/nouvelle-classification-des-types-de-cutis-laxa\/' rel='bookmark' title='Lien permanent : Nouvelle Classification des Types de Cutis Laxa'>Nouvelle Classification des Types de Cutis Laxa<span class='post-format-icon minor-meta'><\/span><\/a><\/h2><span class='post-meta-infos'><time class='date-container minor-meta updated' >mars 18, 2026<\/time><span class='text-sep text-sep-date'>\/<\/span><span class=\"blog-categories minor-meta\">dans <a href=\"https:\/\/www.cutislaxa.org\/fr\/category\/number-mutations-fr\/\" rel=\"tag\">Mutations<\/a>, <a href=\"https:\/\/www.cutislaxa.org\/fr\/category\/quoi-de-neuf\/\" rel=\"tag\">Quoi de neuf<\/a>, <a href=\"https:\/\/www.cutislaxa.org\/fr\/category\/recherche\/\" rel=\"tag\">Recherche<\/a>, <a href=\"https:\/\/www.cutislaxa.org\/fr\/category\/quoi-de-neuf\/recherche-medecine-genetique\/\" rel=\"tag\">Recherche - M\u00e9decine - G\u00e9n\u00e9tique<\/a> <\/span><span class=\"text-sep text-sep-cat\">\/<\/span><span class=\"blog-author minor-meta\">par <span class=\"entry-author-link\"  itemprop=\"author\" ><span class=\"author\"><span class=\"fn\"><a href=\"https:\/\/www.cutislaxa.org\/fr\/author\/marie-claude\/\" title=\"Articles par Marie-Claude\" rel=\"author\">Marie-Claude<\/a><\/span><\/span><\/span><\/span><\/span><\/header><div class=\"entry-content\"  itemprop=\"text\" ><p>Un long travail d\u2019analyse des diff\u00e9rents sympt\u00f4mes de tous les types de Cutis Laxa a \u00e9t\u00e9 men\u00e9 par le Dr A. Beyens. Les dossiers des 192 malades de la cohorte \u00e9tudi\u00e9e par l\u2019\u00e9quipe du Pr Bert Callewaert ainsi que les cas publi\u00e9s dans la litt\u00e9rature ont \u00e9t\u00e9 cribl\u00e9s par l\u2019Intelligence Artificielle (IA) de fa\u00e7on \u00e0 [&hellip;]<\/p>\n<div class=\"read-more-link\"><a href=\"https:\/\/www.cutislaxa.org\/fr\/nouvelle-classification-des-types-de-cutis-laxa\/\" class=\"more-link\">Lire la suite<span class=\"more-link-arrow\"><\/span><\/a><\/div>\n<\/div><footer class=\"entry-footer\"><\/footer><div class='post_delimiter'><\/div><\/div><div class='post_author_timeline'><\/div><span class='hidden'>\n\t\t\t\t<span class='av-structured-data'  itemprop=\"image\" itemscope=\"itemscope\" itemtype=\"https:\/\/schema.org\/ImageObject\" >\n\t\t\t\t\t\t<span itemprop='url'>https:\/\/www.cutislaxa.org\/wp-content\/uploads\/2017\/07\/gene.jpg<\/span>\n\t\t\t\t\t\t<span itemprop='height'>300<\/span>\n\t\t\t\t\t\t<span itemprop='width'>300<\/span>\n\t\t\t\t<\/span>\n\t\t\t\t<span class='av-structured-data'  itemprop=\"publisher\" itemtype=\"https:\/\/schema.org\/Organization\" itemscope=\"itemscope\" >\n\t\t\t\t\t\t<span itemprop='name'>Marie-Claude<\/span>\n\t\t\t\t\t\t<span itemprop='logo' itemscope itemtype='https:\/\/schema.org\/ImageObject'>\n\t\t\t\t\t\t\t<span itemprop='url'>http:\/\/www.cutislaxa.org\/wp-content\/uploads\/2017\/12\/NEW-LOGO-CLI-4.png<\/span>\n\t\t\t\t\t\t <\/span>\n\t\t\t\t<\/span><span class='av-structured-data'  itemprop=\"author\" itemscope=\"itemscope\" itemtype=\"https:\/\/schema.org\/Person\" ><span itemprop='name'>Marie-Claude<\/span><\/span><span class='av-structured-data'  itemprop=\"datePublished\" datetime=\"2026-03-18T17:57:08+01:00\" >2026-03-18 17:57:08<\/span><span class='av-structured-data'  itemprop=\"dateModified\" itemtype=\"https:\/\/schema.org\/dateModified\" >2026-03-18 18:00:53<\/span><span class='av-structured-data'  itemprop=\"mainEntityOfPage\" itemtype=\"https:\/\/schema.org\/mainEntityOfPage\" ><span itemprop='name'>Nouvelle Classification des Types de Cutis Laxa<\/span><\/span><\/span><\/article><\/div><\/div><div  style='height:50px' class='hr hr-invisible  '><span class='hr-inner ' ><span class='hr-inner-style'><\/span><\/span><\/div>\n<\/div><\/div><\/div><!-- close content main div --><\/div><\/div><div id='after_section_2'  class='main_color av_default_container_wrap container_wrap fullsize' style=' '  ><div class='container' ><div class='template-page content  av-content-full alpha units'><div class='post-entry post-entry-type-page post-entry-3472'><div class='entry-content-wrapper clearfix'><\/p>\n<div class=\"flex_column av_one_full  flex_column_div av-zero-column-padding first  \" style='border-radius:0px; '><\/div>\n","protected":false},"excerpt":{"rendered":"","protected":false},"author":1,"featured_media":0,"parent":0,"menu_order":0,"comment_status":"closed","ping_status":"closed","template":"","meta":{"footnotes":""},"class_list":["post-3472","page","type-page","status-publish","hentry"],"yoast_head":"<!-- This site is optimized with the Yoast SEO plugin v22.0 - https:\/\/yoast.com\/wordpress\/plugins\/seo\/ -->\n<title>La Cutis Laxa, qu&#039;est-ce que c&#039;est ? - CUTIS LAXA INTERNATIONALE<\/title>\n<meta name=\"robots\" content=\"index, follow, max-snippet:-1, max-image-preview:large, max-video-preview:-1\" \/>\n<link rel=\"canonical\" href=\"https:\/\/www.cutislaxa.org\/fr\/la-cutis-laxa-quest-ce-que-cest\/\" \/>\n<meta property=\"og:locale\" content=\"fr_FR\" \/>\n<meta property=\"og:type\" content=\"article\" \/>\n<meta property=\"og:title\" content=\"La Cutis Laxa, qu&#039;est-ce que c&#039;est ? - CUTIS LAXA INTERNATIONALE\" \/>\n<meta property=\"og:url\" content=\"https:\/\/www.cutislaxa.org\/fr\/la-cutis-laxa-quest-ce-que-cest\/\" \/>\n<meta property=\"og:site_name\" content=\"CUTIS LAXA INTERNATIONALE\" \/>\n<meta property=\"article:publisher\" content=\"https:\/\/www.facebook.com\/CutisLaxaAssociation\/\" \/>\n<meta property=\"article:modified_time\" content=\"2026-03-20T10:43:15+00:00\" \/>\n<meta name=\"twitter:card\" content=\"summary_large_image\" \/>\n<meta name=\"twitter:label1\" content=\"Dur\u00e9e de lecture estim\u00e9e\" \/>\n\t<meta name=\"twitter:data1\" content=\"11 minutes\" \/>\n<script type=\"application\/ld+json\" class=\"yoast-schema-graph\">{\"@context\":\"https:\/\/schema.org\",\"@graph\":[{\"@type\":\"WebPage\",\"@id\":\"https:\/\/www.cutislaxa.org\/fr\/la-cutis-laxa-quest-ce-que-cest\/\",\"url\":\"https:\/\/www.cutislaxa.org\/fr\/la-cutis-laxa-quest-ce-que-cest\/\",\"name\":\"La Cutis Laxa, qu'est-ce que c'est ? - CUTIS LAXA INTERNATIONALE\",\"isPartOf\":{\"@id\":\"https:\/\/www.cutislaxa.org\/#website\"},\"datePublished\":\"2019-01-18T12:08:42+00:00\",\"dateModified\":\"2026-03-20T10:43:15+00:00\",\"breadcrumb\":{\"@id\":\"https:\/\/www.cutislaxa.org\/fr\/la-cutis-laxa-quest-ce-que-cest\/#breadcrumb\"},\"inLanguage\":\"fr-FR\",\"potentialAction\":[{\"@type\":\"ReadAction\",\"target\":[\"https:\/\/www.cutislaxa.org\/fr\/la-cutis-laxa-quest-ce-que-cest\/\"]}]},{\"@type\":\"BreadcrumbList\",\"@id\":\"https:\/\/www.cutislaxa.org\/fr\/la-cutis-laxa-quest-ce-que-cest\/#breadcrumb\",\"itemListElement\":[{\"@type\":\"ListItem\",\"position\":1,\"name\":\"Home\",\"item\":\"https:\/\/www.cutislaxa.org\/fr\/accueil\/\"},{\"@type\":\"ListItem\",\"position\":2,\"name\":\"La Cutis Laxa, qu&#8217;est-ce que c&#8217;est ?\"}]},{\"@type\":\"WebSite\",\"@id\":\"https:\/\/www.cutislaxa.org\/#website\",\"url\":\"https:\/\/www.cutislaxa.org\/\",\"name\":\"CUTIS LAXA INTERNATIONALE\",\"description\":\"\",\"publisher\":{\"@id\":\"https:\/\/www.cutislaxa.org\/#organization\"},\"potentialAction\":[{\"@type\":\"SearchAction\",\"target\":{\"@type\":\"EntryPoint\",\"urlTemplate\":\"https:\/\/www.cutislaxa.org\/?s={search_term_string}\"},\"query-input\":\"required name=search_term_string\"}],\"inLanguage\":\"fr-FR\"},{\"@type\":\"Organization\",\"@id\":\"https:\/\/www.cutislaxa.org\/#organization\",\"name\":\"Cutis Laxa Internationale\",\"url\":\"https:\/\/www.cutislaxa.org\/\",\"logo\":{\"@type\":\"ImageObject\",\"inLanguage\":\"fr-FR\",\"@id\":\"https:\/\/www.cutislaxa.org\/#\/schema\/logo\/image\/\",\"url\":\"https:\/\/www.cutislaxa.org\/wp-content\/uploads\/2017\/12\/NEW-LOGO-CLI-4.png\",\"contentUrl\":\"https:\/\/www.cutislaxa.org\/wp-content\/uploads\/2017\/12\/NEW-LOGO-CLI-4.png\",\"width\":417,\"height\":120,\"caption\":\"Cutis Laxa Internationale\"},\"image\":{\"@id\":\"https:\/\/www.cutislaxa.org\/#\/schema\/logo\/image\/\"},\"sameAs\":[\"https:\/\/www.facebook.com\/CutisLaxaAssociation\/\"]}]}<\/script>\n<!-- \/ Yoast SEO plugin. -->","yoast_head_json":{"title":"La Cutis Laxa, qu'est-ce que c'est ? - CUTIS LAXA INTERNATIONALE","robots":{"index":"index","follow":"follow","max-snippet":"max-snippet:-1","max-image-preview":"max-image-preview:large","max-video-preview":"max-video-preview:-1"},"canonical":"https:\/\/www.cutislaxa.org\/fr\/la-cutis-laxa-quest-ce-que-cest\/","og_locale":"fr_FR","og_type":"article","og_title":"La Cutis Laxa, qu'est-ce que c'est ? - CUTIS LAXA INTERNATIONALE","og_url":"https:\/\/www.cutislaxa.org\/fr\/la-cutis-laxa-quest-ce-que-cest\/","og_site_name":"CUTIS LAXA INTERNATIONALE","article_publisher":"https:\/\/www.facebook.com\/CutisLaxaAssociation\/","article_modified_time":"2026-03-20T10:43:15+00:00","twitter_card":"summary_large_image","twitter_misc":{"Dur\u00e9e de lecture estim\u00e9e":"11 minutes"},"schema":{"@context":"https:\/\/schema.org","@graph":[{"@type":"WebPage","@id":"https:\/\/www.cutislaxa.org\/fr\/la-cutis-laxa-quest-ce-que-cest\/","url":"https:\/\/www.cutislaxa.org\/fr\/la-cutis-laxa-quest-ce-que-cest\/","name":"La Cutis Laxa, qu'est-ce que c'est ? - CUTIS LAXA INTERNATIONALE","isPartOf":{"@id":"https:\/\/www.cutislaxa.org\/#website"},"datePublished":"2019-01-18T12:08:42+00:00","dateModified":"2026-03-20T10:43:15+00:00","breadcrumb":{"@id":"https:\/\/www.cutislaxa.org\/fr\/la-cutis-laxa-quest-ce-que-cest\/#breadcrumb"},"inLanguage":"fr-FR","potentialAction":[{"@type":"ReadAction","target":["https:\/\/www.cutislaxa.org\/fr\/la-cutis-laxa-quest-ce-que-cest\/"]}]},{"@type":"BreadcrumbList","@id":"https:\/\/www.cutislaxa.org\/fr\/la-cutis-laxa-quest-ce-que-cest\/#breadcrumb","itemListElement":[{"@type":"ListItem","position":1,"name":"Home","item":"https:\/\/www.cutislaxa.org\/fr\/accueil\/"},{"@type":"ListItem","position":2,"name":"La Cutis Laxa, qu&#8217;est-ce que c&#8217;est ?"}]},{"@type":"WebSite","@id":"https:\/\/www.cutislaxa.org\/#website","url":"https:\/\/www.cutislaxa.org\/","name":"CUTIS LAXA INTERNATIONALE","description":"","publisher":{"@id":"https:\/\/www.cutislaxa.org\/#organization"},"potentialAction":[{"@type":"SearchAction","target":{"@type":"EntryPoint","urlTemplate":"https:\/\/www.cutislaxa.org\/?s={search_term_string}"},"query-input":"required name=search_term_string"}],"inLanguage":"fr-FR"},{"@type":"Organization","@id":"https:\/\/www.cutislaxa.org\/#organization","name":"Cutis Laxa Internationale","url":"https:\/\/www.cutislaxa.org\/","logo":{"@type":"ImageObject","inLanguage":"fr-FR","@id":"https:\/\/www.cutislaxa.org\/#\/schema\/logo\/image\/","url":"https:\/\/www.cutislaxa.org\/wp-content\/uploads\/2017\/12\/NEW-LOGO-CLI-4.png","contentUrl":"https:\/\/www.cutislaxa.org\/wp-content\/uploads\/2017\/12\/NEW-LOGO-CLI-4.png","width":417,"height":120,"caption":"Cutis Laxa Internationale"},"image":{"@id":"https:\/\/www.cutislaxa.org\/#\/schema\/logo\/image\/"},"sameAs":["https:\/\/www.facebook.com\/CutisLaxaAssociation\/"]}]}},"_links":{"self":[{"href":"https:\/\/www.cutislaxa.org\/fr\/wp-json\/wp\/v2\/pages\/3472","targetHints":{"allow":["GET"]}}],"collection":[{"href":"https:\/\/www.cutislaxa.org\/fr\/wp-json\/wp\/v2\/pages"}],"about":[{"href":"https:\/\/www.cutislaxa.org\/fr\/wp-json\/wp\/v2\/types\/page"}],"author":[{"embeddable":true,"href":"https:\/\/www.cutislaxa.org\/fr\/wp-json\/wp\/v2\/users\/1"}],"replies":[{"embeddable":true,"href":"https:\/\/www.cutislaxa.org\/fr\/wp-json\/wp\/v2\/comments?post=3472"}],"version-history":[{"count":55,"href":"https:\/\/www.cutislaxa.org\/fr\/wp-json\/wp\/v2\/pages\/3472\/revisions"}],"predecessor-version":[{"id":3492,"href":"https:\/\/www.cutislaxa.org\/fr\/wp-json\/wp\/v2\/pages\/3472\/revisions\/3492"}],"wp:attachment":[{"href":"https:\/\/www.cutislaxa.org\/fr\/wp-json\/wp\/v2\/media?parent=3472"}],"curies":[{"name":"wp","href":"https:\/\/api.w.org\/{rel}","templated":true}]}}