{"id":3912,"date":"2019-01-18T13:48:28","date_gmt":"2019-01-18T13:48:28","guid":{"rendered":"http:\/\/www.cutislaxa.org\/what-is-cutis-laxa\/"},"modified":"2026-03-20T11:41:27","modified_gmt":"2026-03-20T10:41:27","slug":"what-is-cutis-laxa","status":"publish","type":"page","link":"https:\/\/www.cutislaxa.org\/es\/what-is-cutis-laxa\/","title":{"rendered":"Qu\u00e9 es la Cutis Laxa ?"},"content":{"rendered":"<div id='av_section_1'  class='avia-section main_color avia-section-default avia-no-shadow  avia-bg-style-scroll  avia-builder-el-0  el_before_av_section  avia-builder-el-first   container_wrap fullsize' style='background-color: #f5f5f2;  '  ><div class='container' ><main  role=\"main\" itemprop=\"mainContentOfPage\"  class='template-page content  av-content-full alpha units'><div class='post-entry post-entry-type-page post-entry-3912'><div class='entry-content-wrapper clearfix'>\n<div class=\"flex_column av_one_full  flex_column_div av-zero-column-padding first  avia-builder-el-1  avia-builder-el-no-sibling  \" style='border-radius:0px; '><p><div  style='padding-bottom:10px; font-size:70px;' class='av-special-heading av-special-heading-h1  blockquote modern-quote  avia-builder-el-2  el_before_av_textblock  avia-builder-el-first  av-inherit-size '><h1 class='av-special-heading-tag '  itemprop=\"headline\"  >Qu\u00e9 es la <b>Cutis Laxa<\/b>?<\/h1><div class='special-heading-border'><div class='special-heading-inner-border' ><\/div><\/div><\/div><br \/>\n<section class=\"av_textblock_section \"  itemscope=\"itemscope\" itemtype=\"https:\/\/schema.org\/CreativeWork\" ><div class='avia_textblock  '  style='font-size:18px; '  itemprop=\"text\" ><p>La \u00fanica finalidad de esta p\u00e1gina es permitir a los enfermos y a sus familias saber un poco m\u00e1s sobre su enfermedad. En ning\u00fan caso pretende ser exhaustiva.<\/p>\n<p>Otros sitios, como los siguientes, contienen tambi\u00e9n informaci\u00f3n sobre la Cutis Laxa.<\/p>\n<\/div><\/section><br \/>\n<div  style='height:20px' class='hr hr-invisible   avia-builder-el-4  el_after_av_textblock  el_before_av_masonry_gallery  avia-builder-el-last '><span class='hr-inner ' ><span class='hr-inner-style'><\/span><\/span><\/div><br \/>\n<div id='sdb-othersites' class='av-masonry  noHover av-fixed-size av-large-gap av-hover-overlay-active av-masonry-animation-active av-masonry-col-4 av-caption-always av-caption-style-overlay av-masonry-gallery     '  ><div class='av-masonry-container isotope av-js-disabled ' ><div class='av-masonry-entry isotope-item av-masonry-item-no-image '><\/div><a href=\"https:\/\/cutislaxa.pitt.edu\/faq.php\" aria-label=\"image cutislaxa.pitt.edu\" target=\"_blank\" rel=\"noopener noreferrer\" id='av-masonry-1-item-7091' data-av-masonry-item='7091' class='av-masonry-entry isotope-item post-7091 attachment type-attachment status-inherit hentry  av-masonry-item-with-image' title=\"cutislaxa.pitt.edu\" alt=\"cutislaxa.pitt.edu\" itemprop=\"thumbnailUrl\"><div class='av-inner-masonry-sizer'><\/div><figure class='av-inner-masonry main_color'><div class=\"av-masonry-outerimage-container\"><div class=\"av-masonry-image-container\" style=\"background-image: url(https:\/\/www.cutislaxa.org\/wp-content\/uploads\/2017\/12\/cutislaxa.pitt_.edufaq-705x469.png);\" title=\"cutislaxa.pitt.edu\"  alt=\"cutislaxa.pitt.edu\" ><\/div><\/div><figcaption class='av-inner-masonry-content site-background'><div class='av-inner-masonry-content-pos'><div class='av-inner-masonry-content-pos-content'><div class='avia-arrow'><\/div><h3 class='av-masonry-entry-title entry-title '  itemprop=\"headline\" >cutislaxa.pitt.edu<\/h3><\/div><\/div><\/figcaption><\/figure><\/a><!--end av-masonry entry--><a href=\"https:\/\/rarediseases.org\/rare-diseases\/cutis-laxa\/\" aria-label=\"image rarediseases.org\" target=\"_blank\" rel=\"noopener noreferrer\" id='av-masonry-1-item-7101' data-av-masonry-item='7101' class='av-masonry-entry isotope-item post-7101 attachment type-attachment status-inherit hentry  av-masonry-item-with-image' title=\"rarediseases.org\" alt=\"rarediseases.org\" itemprop=\"thumbnailUrl\"><div class='av-inner-masonry-sizer'><\/div><figure class='av-inner-masonry main_color'><div class=\"av-masonry-outerimage-container\"><div class=\"av-masonry-image-container\" style=\"background-image: url(https:\/\/www.cutislaxa.org\/wp-content\/uploads\/2017\/12\/rarediseases.orgrare-diseasescutis-laxa-705x444.png);\" title=\"rarediseases.org\"  alt=\"rarediseases.org\" ><\/div><\/div><figcaption class='av-inner-masonry-content site-background'><div class='av-inner-masonry-content-pos'><div class='av-inner-masonry-content-pos-content'><div class='avia-arrow'><\/div><h3 class='av-masonry-entry-title entry-title '  itemprop=\"headline\" >rarediseases.org<\/h3><\/div><\/div><\/figcaption><\/figure><\/a><!--end av-masonry entry--><a href=\"https:\/\/www.orpha.net\/es\/disease\/detail\/209?name=Cutis%20laxa&amp;mode=name\" aria-label=\"image orpha.net\" target=\"_blank\" rel=\"noopener noreferrer\" id='av-masonry-1-item-19289' data-av-masonry-item='19289' class='av-masonry-entry isotope-item post-19289 attachment type-attachment status-inherit hentry  av-masonry-item-with-image' title=\"orpha.net\" alt=\"orpha.net\" itemprop=\"thumbnailUrl\"><div class='av-inner-masonry-sizer'><\/div><figure class='av-inner-masonry main_color'><div class=\"av-masonry-outerimage-container\"><div class=\"av-masonry-image-container\" style=\"background-image: url(https:\/\/www.cutislaxa.org\/wp-content\/uploads\/2026\/03\/orphanet-2026-1-705x445.jpg);\" title=\"orpha.net\"  alt=\"orpha.net\" ><\/div><\/div><figcaption class='av-inner-masonry-content site-background'><div class='av-inner-masonry-content-pos'><div class='av-inner-masonry-content-pos-content'><div class='avia-arrow'><\/div><h3 class='av-masonry-entry-title entry-title '  itemprop=\"headline\" >orpha.net<\/h3><\/div><\/div><\/figcaption><\/figure><\/a><!--end av-masonry entry--><a href=\"https:\/\/es.wikipedia.org\/wiki\/Cutis_laxa (ES)\" aria-label=\"image wikipedia.org\" target=\"_blank\" rel=\"noopener noreferrer\" id='av-masonry-1-item-19292' data-av-masonry-item='19292' class='av-masonry-entry isotope-item post-19292 attachment type-attachment status-inherit hentry  av-masonry-item-with-image' title=\"wikipedia.org\" alt=\"wikipedia.org\" itemprop=\"thumbnailUrl\"><div class='av-inner-masonry-sizer'><\/div><figure class='av-inner-masonry main_color'><div class=\"av-masonry-outerimage-container\"><div class=\"av-masonry-image-container\" style=\"background-image: url(https:\/\/www.cutislaxa.org\/wp-content\/uploads\/2026\/03\/wikipedia-2026-1-705x445.jpg);\" title=\"wikipedia.org\"  alt=\"wikipedia.org\" ><\/div><\/div><figcaption class='av-inner-masonry-content site-background'><div class='av-inner-masonry-content-pos'><div class='av-inner-masonry-content-pos-content'><div class='avia-arrow'><\/div><h3 class='av-masonry-entry-title entry-title '  itemprop=\"headline\" >wikipedia.org<\/h3><\/div><\/div><\/figcaption><\/figure><\/a><!--end av-masonry entry--><\/div><\/div><br \/>\n<div  style='height:10px' class='hr hr-invisible   avia-builder-el-6  el_after_av_masonry_gallery  el_before_av_textblock  avia-builder-el-first '><span class='hr-inner ' ><span class='hr-inner-style'><\/span><\/span><\/div><br \/>\n<section class=\"av_textblock_section \"  itemscope=\"itemscope\" itemtype=\"https:\/\/schema.org\/CreativeWork\" ><div class='avia_textblock  '  style='font-size:18px; '  itemprop=\"text\" ><p>Elegimos\u00a0<a href=\"http:\/\/cutislaxa.pitt.edu\/\">cutislaxa.pitt.edu<\/a>\u00a0por su claridad y por las informaciones actualizadas que contiene.<br \/>\nLe recomendamos visitar otros sitios para completar sus b\u00fasquedas de informaci\u00f3n sobre la Cutis Laxa.<\/p>\n<\/div><\/section><\/p><\/div><\/div><\/div><\/main><!-- close content main element --><\/div><\/div><div id='av_section_2'  class='avia-section main_color avia-section-small avia-no-border-styling  avia-bg-style-scroll  avia-builder-el-8  el_after_av_section  el_before_av_one_full   container_wrap fullsize' style=' '  ><div class='container' ><div class='template-page content  av-content-full alpha units'><div class='post-entry post-entry-type-page post-entry-3912'><div class='entry-content-wrapper clearfix'>\n<div class=\"flex_column av_three_fifth  flex_column_div av-zero-column-padding first  avia-builder-el-9  el_before_av_two_fifth  avia-builder-el-first  \" style='border-radius:0px; '><section class=\"av_textblock_section \"  itemscope=\"itemscope\" itemtype=\"https:\/\/schema.org\/CreativeWork\" ><div class='avia_textblock  '   itemprop=\"text\" ><h4>\u00bfQU\u00c9 ES CUTIS LAXA?<\/h4>\n<p>Cutis Laxa (palabra latina para piel floja o relajada) es una enfermedad rara del tejido conjuntivo que afecta s\u00f3lo a unas 400 familias en el mundo, es decir, 1 nacimiento de cada 2 000 000. El tejido conjuntivo, denominado tambi\u00e9n matriz extracelular, constituye el armaz\u00f3n estructural de numerosas partes del cuerpo como la piel, los m\u00fasculos, las articulaciones, los vasos sangu\u00edneos e incluso los \u00f3rganos internos. El s\u00edntoma m\u00e1s evidente de la Cutis Laxa es la piel arrugada y colgante, especialmente en la cara, el tronco, los brazos y las piernas. La piel cuelga en pliegues y da un aspecto envejecido. Hay distintos tipos de Cutis Laxa, incluidas una forma adquirida y varias formas heredadas. La causa de la Cutis Laxa es una falta o una deficiencia de tejido conjuntivo, por lo que los s\u00edntomas cut\u00e1neos aparecen, a menudo, conjuntamente con problemas en los sistemas respiratorio, \u00f3seo, intestinal y cardiovascular. La implicaci\u00f3n de uno o varios de estos sistemas corporales depende del tipo de Cutis Laxa y\/o de la causa gen\u00e9tica.<\/p>\n<hr \/>\n<p><strong>\u00bfC\u00d3MO SE HEREDA LA CUTIS LAXA?<\/strong><\/p>\n<p>La forma de transmisi\u00f3n depende de los tipos de Cutis Laxa. La herencia puede ser autos\u00f3mica dominante (AD), autos\u00f3mica recesiva (AR) y recesiva ligada al cromosoma X (XLR). Una persona que no tenga ninguna de las formas heredadas tambi\u00e9n puede adquirir Cutis Laxa. Se desconoce la causa de la forma adquirida de Cutis Laxa, pero suele afectar a adultos de edad media tras una enfermedad grave con fiebre y erupciones cut\u00e1neas. Estos individuos pueden sufrir un da\u00f1o en el tejido conjuntivo debido, por ejemplo, a determinados medicamentos, infecciones o tratamientos oncol\u00f3gicos, o consecuencia de enfermedades autoinmunes como el lupus o la artritis reumatoide. Para m\u00e1s informaci\u00f3n sobre la transmisi\u00f3n de la Cutis Laxa, puede consultar la p\u00e1gina <a href=\"http:\/\/cutislaxa.pitt.edu\/inheritance.php\">Transmisi\u00f3n de la Cutis Laxa<\/a>\u00a0del sitio de Pittsburgh (en ingl\u00e9s) o nuestra explicaci\u00f3n de la\u00a0<a href=\"https:\/\/www.cutislaxa.org\/es\/transmision-genetica\/\">Transmisi\u00f3n Gen\u00e9tica<\/a>\u00a0en lenguaje sencillo (en espa\u00f1ol).<\/p>\n<hr \/>\n<\/div><\/section><br \/>\n<section class=\"av_textblock_section \"  itemscope=\"itemscope\" itemtype=\"https:\/\/schema.org\/CreativeWork\" ><div class='avia_textblock  '   itemprop=\"text\" ><p><strong>\u00bfCU\u00c1LES SON LOS TIPOS DE CUTIS LAXA?<\/strong><\/p>\n<h4><strong>\u00a0<\/strong><\/h4>\n<\/div><\/section><br \/>\n<div   class=\"togglecontainer   toggle_close_all  avia-builder-el-12  el_after_av_textblock  el_before_av_hr \" >\n<section class=\"av_toggle_section\"  itemscope=\"itemscope\" itemtype=\"https:\/\/schema.org\/CreativeWork\"  >    <div role=\"tablist\" class=\"single_toggle\" data-tags=\"{Todo} \"  >        <p data-fake-id=\"#toggle-id-1\" class=\"toggler \"  itemprop=\"headline\"    role=\"tab\" tabindex=\"0\" aria-controls=\"toggle-id-1\">Cutis Laxa Autos\u00f3mica Dominante (ADCL)<span class=\"toggle_icon\" >        <span class=\"vert_icon\"><\/span><span class=\"hor_icon\"><\/span><\/span><\/p>        <div id=\"toggle-id-1\" class=\"toggle_wrap \"   >            <div class=\"toggle_content invers-color \"  itemprop=\"text\"   ><p>Cutis Laxa Autos\u00f3mica Dominante (ADCL)<\/p>\n<p>Los s\u00edntomas de la <a href=\"http:\/\/www.ncbi.nlm.nih.gov\/omim\/123700\" target=\"_blank\" rel=\"noopener\">ADCL<\/a> pueden surgir en cualquier momento entre el nacimiento y el inicio de la edad adulta. Algunos afectados solo presentan como s\u00edntoma la piel laxa. A pesar de ello, algunas familias presentan tambi\u00e9n caracter\u00edsticas faciales que afectan a la nariz y los ojos, y problemas vasculares y pulmonares como aneurismas a\u00f3rticos y enfisema pulmonar. Se recomienda que les realicen una ecocardiograf\u00eda y pruebas de la funci\u00f3n pulmonar como prevenci\u00f3n a los problemas pulmonares y card\u00edacos que podr\u00edan presentarse y que podr\u00edan suponer un riesgo vital. Aunque la mayor parte de los afectados por ADCL tienen una mutaci\u00f3n en el gen de la elastina (ELN), al menos una familia con ADCL presenta una mutaci\u00f3n en el gen de la fibulina-5 (FBLN5) que es la causa de la Cutis Laxa Autos\u00f3mica Recesiva tipo 1B (ARCL1B).<\/p>\n<p><a href=\"http:\/\/www.ncbi.nlm.nih.gov\/omim\/123700\">http:\/\/www.ncbi.nlm.nih.gov\/omim\/123700<\/a><\/p>\n            <\/div>        <\/div>    <\/div><\/section>\n<section class=\"av_toggle_section\"  itemscope=\"itemscope\" itemtype=\"https:\/\/schema.org\/CreativeWork\"  >    <div role=\"tablist\" class=\"single_toggle\" data-tags=\"{Todo} \"  >        <p data-fake-id=\"#toggle-id-2\" class=\"toggler \"  itemprop=\"headline\"    role=\"tab\" tabindex=\"0\" aria-controls=\"toggle-id-2\">Cutis Laxa Autos\u00f3mica Recesiva (ARCL)<span class=\"toggle_icon\" >        <span class=\"vert_icon\"><\/span><span class=\"hor_icon\"><\/span><\/span><\/p>        <div id=\"toggle-id-2\" class=\"toggle_wrap \"   >            <div class=\"toggle_content invers-color \"  itemprop=\"text\"   ><p>Cutis Laxa Autos\u00f3mica Recesiva (ARCL)<\/p>\n<p>La ARCL se divide en varios subtipos, basados en los s\u00edntomas espec\u00edficos y en el gen que causa la enfermedad. La ARCL se divide en ARCL1 (a menudo asociada con complicaciones pulmonares y vasculares graves), ARCL2 (con retraso en el crecimiento y el desarrollo), ARCL3 divididas a su vez en subtipos adicionales :<\/p>\n<ul>\n<li style=\"list-style-type: none;\">\n<ul>\n<li><strong>ARCL1A o Cutis Laxa ligada a la FBLN5 (Fibulina 5)<\/strong> se caracteriza por una piel laxa, hernias y afectaci\u00f3n pulmonar como enfisema que suele ocurrir en la m\u00e1s tierna infancia. Sin embargo, hay cierta variabilidad en la edad de aparici\u00f3n de estos s\u00edntomas. La ARCL1A es debida a mutaciones en el gen <a href=\"http:\/\/ghr.nlm.nih.gov\/gene\/FBLN5\" target=\"_blank\" rel=\"noopener\">FBLN5<\/a>.<\/li>\n<li><strong>ARCL1B o Cutis Laxa ligada a la FBLN4 (EFEMP2) (Fibulina 4)<\/strong> se caracteriza por una piel laxa asociada a s\u00edntomas que implican otras partes del cuerpo, sobre todo al sistema cardiovascular (problemas arteriales como tortuosidad, aneurismas, estenosis ), al sistema muscoloesquel\u00e9tico (laxitud articular, dedos largos y finos, hernias y fragilidad \u00f3sea) y algunas caracter\u00edsticas morfol\u00f3gicas que afectan a la cara y la cabeza (ment\u00f3n peque\u00f1o, paladar elevado, aumento del espacio entre los ojos). La ARCL1B puede ser muy severa con una esperanza de vida muy reducida despu\u00e9s del nacimiento, pero tambi\u00e9n puede limitarse a los vasos sangu\u00edneos y a las caracter\u00edsticas faciales mencionadas anteriormente. La ARCL1B se debe a mutaciones en el gen <a href=\"https:\/\/ghr.nlm.nih.gov\/gene\/EFEMP2\" target=\"_blank\" rel=\"noopener\">FBLN4 (EFEMP2)<\/a><\/li>\n<li><strong>ARCL1C o Cutis Laxa ligada a LTBP4<\/strong> se caracteriza por una piel laxa asociada a problema spulmonares, gastrointestinales y urinarios severos. La ARCL1C tambi\u00e9n se conoce como el S\u00edndrome de\u00a0 Urban-Rifkin-Davis (URDS). Es debida a mutaciones en el gen\u00a0<a href=\"https:\/\/ghr.nlm.nih.gov\/gene\/LTBP4\" target=\"_blank\" rel=\"noopener\">LTBP4<\/a><\/li>\n<li><a href=\"http:\/\/www.ncbi.nlm.nih.gov\/books\/NBK5200\/\" target=\"_blank\" rel=\"noopener\"><strong>ARCL2A<\/strong><\/a><strong> o Cutis Laxa ligada a ATP6V0A2 <\/strong>se debe a mutacions en el gen ATP6V0A2. Los individuos afectados por este tipo de Cutis Laxa tienen la piel arrugada en todo el cuerpo que normalmente mejora con la edad. Las otras caracteristicas de estos ni\u00f1os incluyen una fontanela anterior alargada, luxaci\u00f3n cong\u00e9nita de cadera, hernias y miop\u00eda. Numerosos afectados por esta forma de Cutis Laxa tienen un retraso severo en su desarrollo psicomotor y crisis epil\u00e9pticas. El S\u00edndrome de la Piel Arrugada (Wrinkly Skin Syndrome) conlleva piel arrugada, cabeza de talla peque\u00f1a y retraso mental as\u00ed como problemas musculares y \u00f3seos, y est\u00e1 provocada por mutaciones en el mismo gen <a href=\"https:\/\/ghr.nlm.nih.gov\/gene\/ATP6V0A2\" target=\"_blank\" rel=\"noopener\">ATP6V0A2<\/a>.<\/li>\n<li><strong>ARCL2B o Cutis Laxa ligado a PYCR1<\/strong> es debida a mutaciones en el gen <a href=\"https:\/\/ghr.nlm.nih.gov\/gene\/PYCR1\" target=\"_blank\" rel=\"noopener\">PYCR1<\/a>. Los signos cl\u00ednicos de esta enfermedad comprenden piel laxa con apariencia de mayor edad, retraso en el crecimiento, retraso en el desarrollo psicomotor, problemas \u00f3seos y articulares, cabeza de talla peque\u00f1a, frente muy amplia, cara de forma triangular y orejas de soplillo.<\/li>\n<li><strong>ARCL3A conocido tambi\u00e9n como s\u00edndrome de Barsy<\/strong> A este subtipo se caracteriza por un retraso en el crecimiento (limitaciones o retrasos en el crecimiento), una discapacidad intelectual variable, un aspecto viejo, anormalidades oculares como cataratas y laxitud cut\u00e1nea y articular. Las hernias inguinales y umbilicales tambi\u00e9n se asocian a veces con este s\u00edndrome. Este subtipo es causado por mutaciones en el gen ALDH18A1. Algunas personas con mutaciones en este gen producen ciertos tipos de amino\u00e1cidos y pueden tener altos niveles de amoniaco.<\/li>\n<li><strong>ARCL3B o s\u00edndrome de Barsy B<\/strong> , este subtipo presenta los mismos s\u00edntomas que el ARCL3 A. Sin embargo, est\u00e1 causado por mutaciones en el gen PYCR1<\/li>\n<\/ul>\n<\/li>\n<\/ul>\n            <\/div>        <\/div>    <\/div><\/section>\n<section class=\"av_toggle_section\"  itemscope=\"itemscope\" itemtype=\"https:\/\/schema.org\/CreativeWork\"  >    <div role=\"tablist\" class=\"single_toggle\" data-tags=\"{Todo} \"  >        <p data-fake-id=\"#toggle-id-3\" class=\"toggler \"  itemprop=\"headline\"    role=\"tab\" tabindex=\"0\" aria-controls=\"toggle-id-3\">S\u00edndrome del Cuerno Occipital (OHS)<span class=\"toggle_icon\" >        <span class=\"vert_icon\"><\/span><span class=\"hor_icon\"><\/span><\/span><\/p>        <div id=\"toggle-id-3\" class=\"toggle_wrap \"   >            <div class=\"toggle_content invers-color \"  itemprop=\"text\"   ><p>El OHS es raro, hay\u00a0 menos de 100 afectados descritos en el mundo. Los s\u00edntomas empiezan habitualmente alrededor de los 10 a\u00f1os de vida e incluyen piel laxa, problemas \u00f3seos (excrecencias \u00f3sea en la parte de atr\u00e1s del cr\u00e1neo, laxitud articular y talle peque\u00f1a), respiratorias (pulmones), cardiovasculares (coraz\u00f3n) y gastro intestinales com oenfisema, aneurismas o hernias. Tambi\u00e9n pueden tener un bajo tono muscular y un nivel de inteligencia menor a la media as\u00ed como un leve retraso mental leve. El OHS es una enfermedad del metabolismo del cobre causada por mutaciones o modificaciones en el gen <a href=\"https:\/\/ghr.nlm.nih.gov\/gene\/ATP7A\" target=\"_blank\" rel=\"noopener\"><em>ATP7A<\/em>.<\/a>\u00a0 Las mutaciones en este gen impiden que las c\u00e9lulas del cuerpo reciban suficiente cobre que es necesario para el correcto funcionamiento de enzimas en numerosos tipos de c\u00e9lulas, como las de los huesos, la piel y los cabellos, incluidas tambi\u00e9n las c\u00e9lulas que componen los vasos sanguineos y el sistema nervioso. El OHS se considera menos severo que el <a href=\"http:\/\/ghr.nlm.nih.gov\/condition\/menkes-syndrome\" target=\"_blank\" rel=\"noopener\">S\u00efndrome de Menkes<\/a> que tambi\u00e9n est\u00e1 causado por mutaciones en el gen <em>TP7A<\/em>. El OHS anteriormente se consideraba como una forma del S\u00edndrome de Ehlers-Danlos Tipo IX y la Cutis Laxa ligada al cromosoma X. Se ha denominado Cutis Laxa ligada al cromosoma X\u00a0 porque el gen ATP7A se situa en el cromosoma X y es una enfermedad que se transmite de forma recesiva ligada al cromosoma X (XLR) Por esta raz\u00f3n, el OHS\u00a0 afecta solamente a los hombres.<\/p>\n            <\/div>        <\/div>    <\/div><\/section>\n<section class=\"av_toggle_section\"  itemscope=\"itemscope\" itemtype=\"https:\/\/schema.org\/CreativeWork\"  >    <div role=\"tablist\" class=\"single_toggle\" data-tags=\"{Todo} \"  >        <p data-fake-id=\"#toggle-id-4\" class=\"toggler \"  itemprop=\"headline\"    role=\"tab\" tabindex=\"0\" aria-controls=\"toggle-id-4\">Gerodermia Osteodysplastica (GO)<span class=\"toggle_icon\" >        <span class=\"vert_icon\"><\/span><span class=\"hor_icon\"><\/span><\/span><\/p>        <div id=\"toggle-id-4\" class=\"toggle_wrap \"   >            <div class=\"toggle_content invers-color \"  itemprop=\"text\"   ><p><strong>Gerodermia Osteodispl\u00e1stica (GO)<\/strong><\/p>\n<p>La GO es un tipo de Cutis Laxa que aparece en los beb\u00e9s y los ni\u00f1os. Estos ni\u00f1os tienen la piel laxa, sobre todo en las mano, los pies, el abdomen y la cara. Otras caracteristicas incluyen una mand\u00edbula peque\u00f1a, luxaciones de la cadera, hernias, osteoporosis, fracturas y enanismo. Como en la mutaci\u00f3n del gen ARCL3, habitualmente no hay s\u00edntomas cardiovasculares, ni pulmonares. La GO es tambi\u00e9n una enfermedad autos\u00f3mica recesiva causada por mutaciones en el gen <a href=\"https:\/\/ghr.nlm.nih.gov\/gene\/GORAB\" target=\"_blank\" rel=\"noopener\">GORAB (SCYL1BP1)<\/a>.<\/p>\n            <\/div>        <\/div>    <\/div><\/section>\n<section class=\"av_toggle_section\"  itemscope=\"itemscope\" itemtype=\"https:\/\/schema.org\/CreativeWork\"  >    <div role=\"tablist\" class=\"single_toggle\" data-tags=\"{Todo} \"  >        <p data-fake-id=\"#toggle-id-5\" class=\"toggler \"  itemprop=\"headline\"    role=\"tab\" tabindex=\"0\" aria-controls=\"toggle-id-5\">S\u00edndrome de MACS<span class=\"toggle_icon\" >        <span class=\"vert_icon\"><\/span><span class=\"hor_icon\"><\/span><\/span><\/p>        <div id=\"toggle-id-5\" class=\"toggle_wrap \"   >            <div class=\"toggle_content invers-color \"  itemprop=\"text\"   ><p><a href=\"http:\/\/www.ncbi.nlm.nih.gov\/omim\/613075\" target=\"_blank\" rel=\"noopener\">El S\u00edndrome de MACS<\/a> es una asociaci\u00f3n de Macrocefalia (cabeza grande), Alopecia (sin pelo), Cutis laxa (piel laxa) y eScoliosis. Otras caracter\u00edsticas incluyen p\u00e1rpados hinchados, pies planos, laxitud articular y talla peque\u00f1a. El s\u00edndrome de MACS es una enfermedad autos\u00f3mica recesiva provocada por mutaciones en el <a href=\"http:\/\/ghr.nlm.nih.gov\/gene\/RIN2\" target=\"_blank\" rel=\"noopener\">RIN2 gene<\/a>.<\/p>\n            <\/div>        <\/div>    <\/div><\/section>\n<section class=\"av_toggle_section\"  itemscope=\"itemscope\" itemtype=\"https:\/\/schema.org\/CreativeWork\"  >    <div role=\"tablist\" class=\"single_toggle\" data-tags=\"{Todo} \"  >        <p data-fake-id=\"#toggle-id-6\" class=\"toggler \"  itemprop=\"headline\"    role=\"tab\" tabindex=\"0\" aria-controls=\"toggle-id-6\">Cutis Laxa Adquirida<span class=\"toggle_icon\" >        <span class=\"vert_icon\"><\/span><span class=\"hor_icon\"><\/span><\/span><\/p>        <div id=\"toggle-id-6\" class=\"toggle_wrap \"   >            <div class=\"toggle_content invers-color \"  itemprop=\"text\"   ><p>La Cutis Laxa Adquirida aparece habitualmente en adultos. Aunque se desconoce su causa, se ha observado en algunas personas despu\u00e9s de ciertas exposiciones medioambientales, tales como la toma de ciertos medicamentos, como consecuencia de infecciones o enfermedades autoinmunes. Aunque la Cutis Laxa Adquirida no se transmite gen\u00e9ticamente, uno de los objetivos de las investigaciones del Dr. Zsolt Urban es deterrminar si ciertas personas pueden tener una predisposici\u00f3n gen\u00e9tica a desarrollar Cutis Laxa despu\u00e9s de ciertas exposiciones.<\/p>\n            <\/div>        <\/div>    <\/div><\/section>\n<\/div><br \/>\n<div   class='hr hr-default   avia-builder-el-13  el_after_av_toggle_container  el_before_av_textblock '><span class='hr-inner ' ><span class='hr-inner-style'><\/span><\/span><\/div><br \/>\n<section class=\"av_textblock_section \"  itemscope=\"itemscope\" itemtype=\"https:\/\/schema.org\/CreativeWork\" ><div class='avia_textblock  '   itemprop=\"text\" ><p><strong>\u00bfC\u00d3MO SE DIAGNOSTICA LA CUTIS LAXA?<\/strong><\/p>\n<p>La Cutis Laxa se suele diagnosticar por medio de un examen de piel realizado por un especialista, como un genetista o un dermat\u00f3logo. El tipo espec\u00edfico de Cutis Laxa se determina por los s\u00edntomas asociados, el historial familiar y, en algunos casos, se puede confirmar con un an\u00e1lisis gen\u00e9tico. Es posible que algunos pacientes, incluso si no se les ha identificado cl\u00ednicamente el gen causante de la Cutis Laxa, decidan participar en las investigaciones que lleva a cabo el Dr. Urban en la Universidad de Pittsburgh.<\/p>\n<hr \/>\n<h4><\/h4>\n<p><strong>\u00bf EXISTEN TRATAMIENTOS DISPONIBLES PARA LA CUTIS LAXA?<\/strong><\/p>\n<p>Tras el diagn\u00f3stico inicial, los pacientes deben someterse a an\u00e1lisis cardiovasculares y pulmonares, como un ecocardiograma y un examen de las funciones respiratorias. El seguimiento de las personas que padecen Cutis Laxa incluye el tratamiento de los s\u00edntomas, como intervenciones quir\u00fargicas para las hernias; se puede considerar la medicaci\u00f3n con beta-bloqueante para evitar la agravaci\u00f3n de los aneurismas a\u00f3rticos; el enfisema pulmonar se trata de modo sintom\u00e1tico.<\/p>\n<p>Desde el momento del nacimiento, o justo despu\u00e9s del diagn\u00f3stico, se deber\u00eda establecer un control regular a nivel cardiovascular y pulmonar. Los pacientes con Cutis Laxa deben evitar algunos desencadenantes externos como el tabaquismo, que puede agravar el enfisema, o la exposici\u00f3n al sol, que puede causar da\u00f1os en la piel. Algunas personas que padecen Cutis Laxa deciden someterse a una cirug\u00eda pl\u00e1stica. Aunque los resultados de las operaciones suelen ser muy buenos, es posible que no sean permanentes, ya que la piel laxa puede reaparecer.<\/p>\n<\/div><\/section><\/p><\/div><div class=\"flex_column av_two_fifth  flex_column_div   avia-builder-el-15  el_after_av_three_fifth  el_before_av_hr  \" style='padding:20px; background-color:#f5f5f2; border-radius:0px; '><div  class='av-alb-blogposts template-blog  av-blog-meta-author-disabled av-blog-meta-comments-disabled av-blog-meta-html-info-disabled '  itemscope=\"itemscope\" itemtype=\"https:\/\/schema.org\/Blog\" ><article class='post-entry post-entry-type-standard post-entry-19122 post-loop-1 post-parity-odd single-small with-slider post-19122 post type-post status-publish format-standard has-post-thumbnail hentry category-investigacion category-investigacion-medicina-genetica category-number-mutations-es category-noticias'  itemscope=\"itemscope\" itemtype=\"https:\/\/schema.org\/BlogPosting\" ><div class='blog-meta'><a href='https:\/\/www.cutislaxa.org\/es\/la-nueva-clasificacion-de-los-tipos-cutis-laxa\/' class='small-preview'  title=\"gene\"   itemprop=\"image\" itemscope=\"itemscope\" itemtype=\"https:\/\/schema.org\/ImageObject\" ><img loading=\"lazy\" decoding=\"async\" width=\"36\" height=\"36\" src=\"https:\/\/www.cutislaxa.org\/wp-content\/uploads\/2017\/07\/gene-36x36.jpg\" class=\"wp-image-6777 avia-img-lazy-loading-6777 attachment-widget size-widget wp-post-image\" alt=\"\" srcset=\"https:\/\/www.cutislaxa.org\/wp-content\/uploads\/2017\/07\/gene-36x36.jpg 36w, https:\/\/www.cutislaxa.org\/wp-content\/uploads\/2017\/07\/gene-80x80.jpg 80w, https:\/\/www.cutislaxa.org\/wp-content\/uploads\/2017\/07\/gene-180x180.jpg 180w, https:\/\/www.cutislaxa.org\/wp-content\/uploads\/2017\/07\/gene-120x120.jpg 120w, https:\/\/www.cutislaxa.org\/wp-content\/uploads\/2017\/07\/gene.jpg 300w\" sizes=\"auto, (max-width: 36px) 100vw, 36px\" \/><span class=\"iconfont\" aria-hidden='true' data-av_icon='\ue836' data-av_iconfont='entypo-fontello'><\/span><\/a><\/div><div class='entry-content-wrapper clearfix standard-content'><header class=\"entry-content-header\"><h2 class='post-title entry-title '  itemprop=\"headline\" ><a href='https:\/\/www.cutislaxa.org\/es\/la-nueva-clasificacion-de-los-tipos-cutis-laxa\/' rel='bookmark' title='Enlace permanente: La nueva clasificaci\u00f3n de los tipos Cutis Laxa'>La nueva clasificaci\u00f3n de los tipos Cutis Laxa<span class='post-format-icon minor-meta'><\/span><\/a><\/h2><span class='post-meta-infos'><time class='date-container minor-meta updated' >marzo 18, 2026<\/time><span class='text-sep text-sep-date'>\/<\/span><span class=\"blog-categories minor-meta\">en <a href=\"https:\/\/www.cutislaxa.org\/es\/category\/investigacion\/\" rel=\"tag\">Investigaci\u00f3n<\/a>, <a href=\"https:\/\/www.cutislaxa.org\/es\/category\/noticias\/investigacion-medicina-genetica\/\" rel=\"tag\">Investigaci\u00f3n- Medicina - Gen\u00e9tica<\/a>, <a href=\"https:\/\/www.cutislaxa.org\/es\/category\/number-mutations-es\/\" rel=\"tag\">Mutations<\/a>, <a href=\"https:\/\/www.cutislaxa.org\/es\/category\/noticias\/\" rel=\"tag\">Noticias<\/a> <\/span><span class=\"text-sep text-sep-cat\">\/<\/span><span class=\"blog-author minor-meta\">por <span class=\"entry-author-link\"  itemprop=\"author\" ><span class=\"author\"><span class=\"fn\"><a href=\"https:\/\/www.cutislaxa.org\/es\/author\/marie-claude\/\" title=\"Entradas de Marie-Claude\" rel=\"author\">Marie-Claude<\/a><\/span><\/span><\/span><\/span><\/span><\/header><div class=\"entry-content\"  itemprop=\"text\" ><p>\u00a0El Dr. A. Beyens realiz\u00f3 un an\u00e1lisis extenso de los diferentes s\u00edntomas de todos los tipos de cutis laxa. Los archivos de los 192 pacientes de la cohorte estudiada por el equipo del profesor Bert Callewaert, as\u00ed como los casos publicados en la literatura, fueron evaluados por Inteligencia Artificial (IA) para agrupar los principales s\u00edntomas, [&hellip;]<\/p>\n<div class=\"read-more-link\"><a href=\"https:\/\/www.cutislaxa.org\/es\/la-nueva-clasificacion-de-los-tipos-cutis-laxa\/\" class=\"more-link\">Leer m\u00e1s<span class=\"more-link-arrow\"><\/span><\/a><\/div>\n<\/div><footer class=\"entry-footer\"><\/footer><div class='post_delimiter'><\/div><\/div><div class='post_author_timeline'><\/div><span class='hidden'>\n\t\t\t\t<span class='av-structured-data'  itemprop=\"image\" itemscope=\"itemscope\" itemtype=\"https:\/\/schema.org\/ImageObject\" >\n\t\t\t\t\t\t<span itemprop='url'>https:\/\/www.cutislaxa.org\/wp-content\/uploads\/2017\/07\/gene.jpg<\/span>\n\t\t\t\t\t\t<span itemprop='height'>300<\/span>\n\t\t\t\t\t\t<span itemprop='width'>300<\/span>\n\t\t\t\t<\/span>\n\t\t\t\t<span class='av-structured-data'  itemprop=\"publisher\" itemtype=\"https:\/\/schema.org\/Organization\" itemscope=\"itemscope\" >\n\t\t\t\t\t\t<span itemprop='name'>Marie-Claude<\/span>\n\t\t\t\t\t\t<span itemprop='logo' itemscope itemtype='https:\/\/schema.org\/ImageObject'>\n\t\t\t\t\t\t\t<span itemprop='url'>http:\/\/www.cutislaxa.org\/wp-content\/uploads\/2017\/12\/NEW-LOGO-CLI-4.png<\/span>\n\t\t\t\t\t\t <\/span>\n\t\t\t\t<\/span><span class='av-structured-data'  itemprop=\"author\" itemscope=\"itemscope\" itemtype=\"https:\/\/schema.org\/Person\" ><span itemprop='name'>Marie-Claude<\/span><\/span><span class='av-structured-data'  itemprop=\"datePublished\" datetime=\"2026-03-18T18:00:13+01:00\" >2026-03-18 18:00:13<\/span><span class='av-structured-data'  itemprop=\"dateModified\" itemtype=\"https:\/\/schema.org\/dateModified\" >2026-03-18 18:00:13<\/span><span class='av-structured-data'  itemprop=\"mainEntityOfPage\" itemtype=\"https:\/\/schema.org\/mainEntityOfPage\" ><span itemprop='name'>La nueva clasificaci\u00f3n de los tipos Cutis Laxa<\/span><\/span><\/span><\/article><article class='post-entry post-entry-type-standard post-entry-10132 post-loop-2 post-parity-even single-small with-slider post-10132 post type-post status-publish format-standard has-post-thumbnail hentry category-investigacion category-investigacion-medicina-genetica category-number-mutations-es category-noticias'  itemscope=\"itemscope\" itemtype=\"https:\/\/schema.org\/BlogPosting\" ><div class='blog-meta'><a href='https:\/\/www.cutislaxa.org\/es\/el-recorrido-del-paciente-cutis-laxa\/' class='small-preview'  title=\"Patient Jour Neuro F\"   itemprop=\"image\" itemscope=\"itemscope\" itemtype=\"https:\/\/schema.org\/ImageObject\" ><img loading=\"lazy\" decoding=\"async\" width=\"36\" height=\"36\" src=\"https:\/\/www.cutislaxa.org\/wp-content\/uploads\/2026\/03\/Patient-Jour-Neuro-F-36x36.jpg\" class=\"wp-image-18502 avia-img-lazy-loading-18502 attachment-widget size-widget wp-post-image\" alt=\"\" srcset=\"https:\/\/www.cutislaxa.org\/wp-content\/uploads\/2026\/03\/Patient-Jour-Neuro-F-36x36.jpg 36w, https:\/\/www.cutislaxa.org\/wp-content\/uploads\/2026\/03\/Patient-Jour-Neuro-F-80x80.jpg 80w, https:\/\/www.cutislaxa.org\/wp-content\/uploads\/2026\/03\/Patient-Jour-Neuro-F-180x180.jpg 180w\" sizes=\"auto, (max-width: 36px) 100vw, 36px\" \/><span class=\"iconfont\" aria-hidden='true' data-av_icon='\ue836' data-av_iconfont='entypo-fontello'><\/span><\/a><\/div><div class='entry-content-wrapper clearfix standard-content'><header class=\"entry-content-header\"><h2 class='post-title entry-title '  itemprop=\"headline\" ><a href='https:\/\/www.cutislaxa.org\/es\/el-recorrido-del-paciente-cutis-laxa\/' rel='bookmark' title='Enlace permanente: EL RECORRIDO DEL PACIENTE CUTIS LAXA'>EL RECORRIDO DEL PACIENTE CUTIS LAXA<span class='post-format-icon minor-meta'><\/span><\/a><\/h2><span class='post-meta-infos'><time class='date-container minor-meta updated' >febrero 15, 2026<\/time><span class='text-sep text-sep-date'>\/<\/span><span class=\"blog-categories minor-meta\">en <a href=\"https:\/\/www.cutislaxa.org\/es\/category\/investigacion\/\" rel=\"tag\">Investigaci\u00f3n<\/a>, <a href=\"https:\/\/www.cutislaxa.org\/es\/category\/noticias\/investigacion-medicina-genetica\/\" rel=\"tag\">Investigaci\u00f3n- Medicina - Gen\u00e9tica<\/a>, <a href=\"https:\/\/www.cutislaxa.org\/es\/category\/number-mutations-es\/\" rel=\"tag\">Mutations<\/a>, <a href=\"https:\/\/www.cutislaxa.org\/es\/category\/noticias\/\" rel=\"tag\">Noticias<\/a> <\/span><span class=\"text-sep text-sep-cat\">\/<\/span><span class=\"blog-author minor-meta\">por <span class=\"entry-author-link\"  itemprop=\"author\" ><span class=\"author\"><span class=\"fn\"><a href=\"https:\/\/www.cutislaxa.org\/es\/author\/marie-claude\/\" title=\"Entradas de Marie-Claude\" rel=\"author\">Marie-Claude<\/a><\/span><\/span><\/span><\/span><\/span><\/header><div class=\"entry-content\"  itemprop=\"text\" ><p>Nuevo Recorrido del Paciente Hemos desarrollado 2 recorridos del Paciente basados en los testimonios de nuestros miembros sobre lo que es vivir con una Cutis Laxa. Estos documentos tienen como objetivo ser una herramienta para los profesionales de la salud y los pacientes durante una consulta para ayudarles a establecer la mejor atenci\u00f3n posible a [&hellip;]<\/p>\n<div class=\"read-more-link\"><a href=\"https:\/\/www.cutislaxa.org\/es\/el-recorrido-del-paciente-cutis-laxa\/\" class=\"more-link\">Leer m\u00e1s<span class=\"more-link-arrow\"><\/span><\/a><\/div>\n<\/div><footer class=\"entry-footer\"><\/footer><div class='post_delimiter'><\/div><\/div><div class='post_author_timeline'><\/div><span class='hidden'>\n\t\t\t\t<span class='av-structured-data'  itemprop=\"image\" itemscope=\"itemscope\" itemtype=\"https:\/\/schema.org\/ImageObject\" >\n\t\t\t\t\t\t<span itemprop='url'>https:\/\/www.cutislaxa.org\/wp-content\/uploads\/2026\/03\/Patient-Jour-Neuro-F.jpg<\/span>\n\t\t\t\t\t\t<span itemprop='height'>423<\/span>\n\t\t\t\t\t\t<span itemprop='width'>751<\/span>\n\t\t\t\t<\/span>\n\t\t\t\t<span class='av-structured-data'  itemprop=\"publisher\" itemtype=\"https:\/\/schema.org\/Organization\" itemscope=\"itemscope\" >\n\t\t\t\t\t\t<span itemprop='name'>Marie-Claude<\/span>\n\t\t\t\t\t\t<span itemprop='logo' itemscope itemtype='https:\/\/schema.org\/ImageObject'>\n\t\t\t\t\t\t\t<span itemprop='url'>http:\/\/www.cutislaxa.org\/wp-content\/uploads\/2017\/12\/NEW-LOGO-CLI-4.png<\/span>\n\t\t\t\t\t\t <\/span>\n\t\t\t\t<\/span><span class='av-structured-data'  itemprop=\"author\" itemscope=\"itemscope\" itemtype=\"https:\/\/schema.org\/Person\" ><span itemprop='name'>Marie-Claude<\/span><\/span><span class='av-structured-data'  itemprop=\"datePublished\" datetime=\"2026-02-15T18:59:15+01:00\" >2026-02-15 18:59:15<\/span><span class='av-structured-data'  itemprop=\"dateModified\" itemtype=\"https:\/\/schema.org\/dateModified\" >2026-03-16 16:51:25<\/span><span class='av-structured-data'  itemprop=\"mainEntityOfPage\" itemtype=\"https:\/\/schema.org\/mainEntityOfPage\" ><span itemprop='name'>EL RECORRIDO DEL PACIENTE CUTIS LAXA<\/span><\/span><\/span><\/article><article class='post-entry post-entry-type-standard post-entry-15555 post-loop-3 post-parity-odd single-small with-slider post-15555 post type-post status-publish format-standard has-post-thumbnail hentry category-investigacion category-investigacion-medicina-genetica category-number-mutations-es category-noticias'  itemscope=\"itemscope\" itemtype=\"https:\/\/schema.org\/BlogPosting\" ><div class='blog-meta'><a href='https:\/\/www.cutislaxa.org\/es\/distribucion-de-la-cl-por-tipos-y-paises\/' class='small-preview'  title=\"gene\"   itemprop=\"image\" itemscope=\"itemscope\" itemtype=\"https:\/\/schema.org\/ImageObject\" ><img loading=\"lazy\" decoding=\"async\" width=\"36\" height=\"36\" src=\"https:\/\/www.cutislaxa.org\/wp-content\/uploads\/2017\/07\/gene-36x36.jpg\" class=\"wp-image-6777 avia-img-lazy-loading-6777 attachment-widget size-widget wp-post-image\" alt=\"\" srcset=\"https:\/\/www.cutislaxa.org\/wp-content\/uploads\/2017\/07\/gene-36x36.jpg 36w, https:\/\/www.cutislaxa.org\/wp-content\/uploads\/2017\/07\/gene-80x80.jpg 80w, https:\/\/www.cutislaxa.org\/wp-content\/uploads\/2017\/07\/gene-180x180.jpg 180w, https:\/\/www.cutislaxa.org\/wp-content\/uploads\/2017\/07\/gene-120x120.jpg 120w, https:\/\/www.cutislaxa.org\/wp-content\/uploads\/2017\/07\/gene.jpg 300w\" sizes=\"auto, (max-width: 36px) 100vw, 36px\" \/><span class=\"iconfont\" aria-hidden='true' data-av_icon='\ue836' data-av_iconfont='entypo-fontello'><\/span><\/a><\/div><div class='entry-content-wrapper clearfix standard-content'><header class=\"entry-content-header\"><h2 class='post-title entry-title '  itemprop=\"headline\" ><a href='https:\/\/www.cutislaxa.org\/es\/distribucion-de-la-cl-por-tipos-y-paises\/' rel='bookmark' title='Enlace permanente: Distribuci\u00f3n de la CL por tipos y pa\u00edses'>Distribuci\u00f3n de la CL por tipos y pa\u00edses<span class='post-format-icon minor-meta'><\/span><\/a><\/h2><span class='post-meta-infos'><time class='date-container minor-meta updated' >febrero 12, 2024<\/time><span class='text-sep text-sep-date'>\/<\/span><span class=\"blog-categories minor-meta\">en <a href=\"https:\/\/www.cutislaxa.org\/es\/category\/investigacion\/\" rel=\"tag\">Investigaci\u00f3n<\/a>, <a href=\"https:\/\/www.cutislaxa.org\/es\/category\/noticias\/investigacion-medicina-genetica\/\" rel=\"tag\">Investigaci\u00f3n- Medicina - Gen\u00e9tica<\/a>, <a href=\"https:\/\/www.cutislaxa.org\/es\/category\/number-mutations-es\/\" rel=\"tag\">Mutations<\/a>, <a href=\"https:\/\/www.cutislaxa.org\/es\/category\/noticias\/\" rel=\"tag\">Noticias<\/a> <\/span><span class=\"text-sep text-sep-cat\">\/<\/span><span class=\"blog-author minor-meta\">por <span class=\"entry-author-link\"  itemprop=\"author\" ><span class=\"author\"><span class=\"fn\"><a href=\"https:\/\/www.cutislaxa.org\/es\/author\/marie-claude\/\" title=\"Entradas de Marie-Claude\" rel=\"author\">Marie-Claude<\/a><\/span><\/span><\/span><\/span><\/span><\/header><div class=\"entry-content\"  itemprop=\"text\" ><p>Nuestro censo de enfermos de Cutis Laxa permite establecer hoy la distribuci\u00f3n por tipos de mutaci\u00f3n conocidos y tambi\u00e9n por pa\u00edses. Aqu\u00ed encontrar\u00e1s la tabla de esta Repartiton, actualizada al 12 de febrero de 2024<\/p>\n<div class=\"read-more-link\"><a href=\"https:\/\/www.cutislaxa.org\/es\/distribucion-de-la-cl-por-tipos-y-paises\/\" class=\"more-link\">Leer m\u00e1s<span class=\"more-link-arrow\"><\/span><\/a><\/div>\n<\/div><footer class=\"entry-footer\"><\/footer><div class='post_delimiter'><\/div><\/div><div class='post_author_timeline'><\/div><span class='hidden'>\n\t\t\t\t<span class='av-structured-data'  itemprop=\"image\" itemscope=\"itemscope\" itemtype=\"https:\/\/schema.org\/ImageObject\" >\n\t\t\t\t\t\t<span itemprop='url'>https:\/\/www.cutislaxa.org\/wp-content\/uploads\/2017\/07\/gene.jpg<\/span>\n\t\t\t\t\t\t<span itemprop='height'>300<\/span>\n\t\t\t\t\t\t<span itemprop='width'>300<\/span>\n\t\t\t\t<\/span>\n\t\t\t\t<span class='av-structured-data'  itemprop=\"publisher\" itemtype=\"https:\/\/schema.org\/Organization\" itemscope=\"itemscope\" >\n\t\t\t\t\t\t<span itemprop='name'>Marie-Claude<\/span>\n\t\t\t\t\t\t<span itemprop='logo' itemscope itemtype='https:\/\/schema.org\/ImageObject'>\n\t\t\t\t\t\t\t<span itemprop='url'>http:\/\/www.cutislaxa.org\/wp-content\/uploads\/2017\/12\/NEW-LOGO-CLI-4.png<\/span>\n\t\t\t\t\t\t <\/span>\n\t\t\t\t<\/span><span class='av-structured-data'  itemprop=\"author\" itemscope=\"itemscope\" itemtype=\"https:\/\/schema.org\/Person\" ><span itemprop='name'>Marie-Claude<\/span><\/span><span class='av-structured-data'  itemprop=\"datePublished\" datetime=\"2024-02-12T14:21:33+01:00\" >2024-02-12 14:21:33<\/span><span class='av-structured-data'  itemprop=\"dateModified\" itemtype=\"https:\/\/schema.org\/dateModified\" >2024-02-12 14:21:33<\/span><span class='av-structured-data'  itemprop=\"mainEntityOfPage\" itemtype=\"https:\/\/schema.org\/mainEntityOfPage\" ><span itemprop='name'>Distribuci\u00f3n de la CL por tipos y pa\u00edses<\/span><\/span><\/span><\/article><article class='post-entry post-entry-type-standard post-entry-14782 post-loop-4 post-parity-even post-entry-last single-small with-slider post-14782 post type-post status-publish format-standard has-post-thumbnail hentry category-investigacion category-investigacion-medicina-genetica category-number-mutations-es category-noticias'  itemscope=\"itemscope\" itemtype=\"https:\/\/schema.org\/BlogPosting\" ><div class='blog-meta'><a href='https:\/\/www.cutislaxa.org\/es\/el-viaje-del-paciente-cutis-laxa\/' class='small-preview'  title=\"CL-Headerimage-light\"   itemprop=\"image\" itemscope=\"itemscope\" itemtype=\"https:\/\/schema.org\/ImageObject\" ><img loading=\"lazy\" decoding=\"async\" width=\"36\" height=\"36\" src=\"https:\/\/www.cutislaxa.org\/wp-content\/uploads\/2018\/03\/CL-Headerimage-light-1-36x36.jpg\" class=\"wp-image-7215 avia-img-lazy-loading-7215 attachment-widget size-widget wp-post-image\" alt=\"\" srcset=\"https:\/\/www.cutislaxa.org\/wp-content\/uploads\/2018\/03\/CL-Headerimage-light-1-36x36.jpg 36w, https:\/\/www.cutislaxa.org\/wp-content\/uploads\/2018\/03\/CL-Headerimage-light-1-80x80.jpg 80w, https:\/\/www.cutislaxa.org\/wp-content\/uploads\/2018\/03\/CL-Headerimage-light-1-180x180.jpg 180w, https:\/\/www.cutislaxa.org\/wp-content\/uploads\/2018\/03\/CL-Headerimage-light-1-120x120.jpg 120w, https:\/\/www.cutislaxa.org\/wp-content\/uploads\/2018\/03\/CL-Headerimage-light-1-450x450.jpg 450w\" sizes=\"auto, (max-width: 36px) 100vw, 36px\" \/><span class=\"iconfont\" aria-hidden='true' data-av_icon='\ue836' data-av_iconfont='entypo-fontello'><\/span><\/a><\/div><div class='entry-content-wrapper clearfix standard-content'><header class=\"entry-content-header\"><h2 class='post-title entry-title '  itemprop=\"headline\" ><a href='https:\/\/www.cutislaxa.org\/es\/el-viaje-del-paciente-cutis-laxa\/' rel='bookmark' title='Enlace permanente: El  \u00abViaje del Paciente\u00bb Cutis Laxa'>El  \u00abViaje del Paciente\u00bb Cutis Laxa<span class='post-format-icon minor-meta'><\/span><\/a><\/h2><span class='post-meta-infos'><time class='date-container minor-meta updated' >junio 26, 2023<\/time><span class='text-sep text-sep-date'>\/<\/span><span class=\"blog-categories minor-meta\">en <a href=\"https:\/\/www.cutislaxa.org\/es\/category\/investigacion\/\" rel=\"tag\">Investigaci\u00f3n<\/a>, <a href=\"https:\/\/www.cutislaxa.org\/es\/category\/noticias\/investigacion-medicina-genetica\/\" rel=\"tag\">Investigaci\u00f3n- Medicina - Gen\u00e9tica<\/a>, <a href=\"https:\/\/www.cutislaxa.org\/es\/category\/number-mutations-es\/\" rel=\"tag\">Mutations<\/a>, <a href=\"https:\/\/www.cutislaxa.org\/es\/category\/noticias\/\" rel=\"tag\">Noticias<\/a> <\/span><span class=\"text-sep text-sep-cat\">\/<\/span><span class=\"blog-author minor-meta\">por <span class=\"entry-author-link\"  itemprop=\"author\" ><span class=\"author\"><span class=\"fn\"><a href=\"https:\/\/www.cutislaxa.org\/es\/author\/marie-claude\/\" title=\"Entradas de Marie-Claude\" rel=\"author\">Marie-Claude<\/a><\/span><\/span><\/span><\/span><\/span><\/header><div class=\"entry-content\"  itemprop=\"text\" ><p>El\u00a0 \u00abViaje del Paciente\u00bb busca identificar las necesidades que son espec\u00edficas para un s\u00edndrome en particular. Para lograrlo, los representantes de los pacientes han completado un \u00abmapa\u00bb de las necesidades de cada uno de los s\u00edndromes gen\u00e9ticos raros que representan, a trav\u00e9s de las diferentes etapas del Recorrido del Paciente. &nbsp; Esta es la definici\u00f3n [&hellip;]<\/p>\n<div class=\"read-more-link\"><a href=\"https:\/\/www.cutislaxa.org\/es\/el-viaje-del-paciente-cutis-laxa\/\" class=\"more-link\">Leer m\u00e1s<span class=\"more-link-arrow\"><\/span><\/a><\/div>\n<\/div><footer class=\"entry-footer\"><\/footer><div class='post_delimiter'><\/div><\/div><div class='post_author_timeline'><\/div><span class='hidden'>\n\t\t\t\t<span class='av-structured-data'  itemprop=\"image\" itemscope=\"itemscope\" itemtype=\"https:\/\/schema.org\/ImageObject\" >\n\t\t\t\t\t\t<span itemprop='url'>https:\/\/www.cutislaxa.org\/wp-content\/uploads\/2018\/03\/CL-Headerimage-light-1.jpg<\/span>\n\t\t\t\t\t\t<span itemprop='height'>680<\/span>\n\t\t\t\t\t\t<span itemprop='width'>1600<\/span>\n\t\t\t\t<\/span>\n\t\t\t\t<span class='av-structured-data'  itemprop=\"publisher\" itemtype=\"https:\/\/schema.org\/Organization\" itemscope=\"itemscope\" >\n\t\t\t\t\t\t<span itemprop='name'>Marie-Claude<\/span>\n\t\t\t\t\t\t<span itemprop='logo' itemscope itemtype='https:\/\/schema.org\/ImageObject'>\n\t\t\t\t\t\t\t<span itemprop='url'>http:\/\/www.cutislaxa.org\/wp-content\/uploads\/2017\/12\/NEW-LOGO-CLI-4.png<\/span>\n\t\t\t\t\t\t <\/span>\n\t\t\t\t<\/span><span class='av-structured-data'  itemprop=\"author\" itemscope=\"itemscope\" itemtype=\"https:\/\/schema.org\/Person\" ><span itemprop='name'>Marie-Claude<\/span><\/span><span class='av-structured-data'  itemprop=\"datePublished\" datetime=\"2023-06-26T18:38:06+02:00\" >2023-06-26 18:38:06<\/span><span class='av-structured-data'  itemprop=\"dateModified\" itemtype=\"https:\/\/schema.org\/dateModified\" >2023-06-26 18:38:06<\/span><span class='av-structured-data'  itemprop=\"mainEntityOfPage\" itemtype=\"https:\/\/schema.org\/mainEntityOfPage\" ><span itemprop='name'>El  \u00abViaje del Paciente\u00bb Cutis Laxa<\/span><\/span><\/span><\/article><\/div><\/div><div  style='height:50px' class='hr hr-invisible  '><span class='hr-inner ' ><span class='hr-inner-style'><\/span><\/span><\/div>\n<\/div><\/div><\/div><!-- close content main div --><\/div><\/div><div id='after_section_2'  class='main_color av_default_container_wrap container_wrap fullsize' style=' '  ><div class='container' ><div class='template-page content  av-content-full alpha units'><div class='post-entry post-entry-type-page post-entry-3912'><div class='entry-content-wrapper clearfix'><\/p>\n<div class=\"flex_column av_one_full  flex_column_div av-zero-column-padding first  \" style='border-radius:0px; '><\/div>\n","protected":false},"excerpt":{"rendered":"","protected":false},"author":1,"featured_media":0,"parent":0,"menu_order":0,"comment_status":"closed","ping_status":"closed","template":"","meta":{"footnotes":""},"class_list":["post-3912","page","type-page","status-publish","hentry"],"yoast_head":"<!-- This site is optimized with the Yoast SEO plugin v22.0 - https:\/\/yoast.com\/wordpress\/plugins\/seo\/ -->\n<title>Qu\u00e9 es la Cutis Laxa ? - CUTIS LAXA INTERNATIONALE<\/title>\n<meta name=\"robots\" content=\"index, follow, max-snippet:-1, max-image-preview:large, max-video-preview:-1\" \/>\n<link rel=\"canonical\" href=\"https:\/\/www.cutislaxa.org\/es\/what-is-cutis-laxa\/\" \/>\n<meta property=\"og:locale\" content=\"es_ES\" \/>\n<meta property=\"og:type\" content=\"article\" \/>\n<meta property=\"og:title\" content=\"Qu\u00e9 es la Cutis Laxa ? - CUTIS LAXA INTERNATIONALE\" \/>\n<meta property=\"og:url\" content=\"https:\/\/www.cutislaxa.org\/es\/what-is-cutis-laxa\/\" \/>\n<meta property=\"og:site_name\" content=\"CUTIS LAXA INTERNATIONALE\" \/>\n<meta property=\"article:publisher\" content=\"https:\/\/www.facebook.com\/CutisLaxaAssociation\/\" \/>\n<meta property=\"article:modified_time\" content=\"2026-03-20T10:41:27+00:00\" \/>\n<meta name=\"twitter:card\" content=\"summary_large_image\" \/>\n<meta name=\"twitter:label1\" content=\"Tiempo de lectura\" \/>\n\t<meta name=\"twitter:data1\" content=\"10 minutos\" \/>\n<script type=\"application\/ld+json\" class=\"yoast-schema-graph\">{\"@context\":\"https:\/\/schema.org\",\"@graph\":[{\"@type\":\"WebPage\",\"@id\":\"https:\/\/www.cutislaxa.org\/es\/what-is-cutis-laxa\/\",\"url\":\"https:\/\/www.cutislaxa.org\/es\/what-is-cutis-laxa\/\",\"name\":\"Qu\u00e9 es la Cutis Laxa ? - CUTIS LAXA INTERNATIONALE\",\"isPartOf\":{\"@id\":\"https:\/\/www.cutislaxa.org\/#website\"},\"datePublished\":\"2019-01-18T13:48:28+00:00\",\"dateModified\":\"2026-03-20T10:41:27+00:00\",\"breadcrumb\":{\"@id\":\"https:\/\/www.cutislaxa.org\/es\/what-is-cutis-laxa\/#breadcrumb\"},\"inLanguage\":\"es\",\"potentialAction\":[{\"@type\":\"ReadAction\",\"target\":[\"https:\/\/www.cutislaxa.org\/es\/what-is-cutis-laxa\/\"]}]},{\"@type\":\"BreadcrumbList\",\"@id\":\"https:\/\/www.cutislaxa.org\/es\/what-is-cutis-laxa\/#breadcrumb\",\"itemListElement\":[{\"@type\":\"ListItem\",\"position\":1,\"name\":\"Home\",\"item\":\"https:\/\/www.cutislaxa.org\/es\/bienvenida\/\"},{\"@type\":\"ListItem\",\"position\":2,\"name\":\"Qu\u00e9 es la Cutis Laxa ?\"}]},{\"@type\":\"WebSite\",\"@id\":\"https:\/\/www.cutislaxa.org\/#website\",\"url\":\"https:\/\/www.cutislaxa.org\/\",\"name\":\"CUTIS LAXA INTERNATIONALE\",\"description\":\"\",\"publisher\":{\"@id\":\"https:\/\/www.cutislaxa.org\/#organization\"},\"potentialAction\":[{\"@type\":\"SearchAction\",\"target\":{\"@type\":\"EntryPoint\",\"urlTemplate\":\"https:\/\/www.cutislaxa.org\/?s={search_term_string}\"},\"query-input\":\"required name=search_term_string\"}],\"inLanguage\":\"es\"},{\"@type\":\"Organization\",\"@id\":\"https:\/\/www.cutislaxa.org\/#organization\",\"name\":\"Cutis Laxa Internationale\",\"url\":\"https:\/\/www.cutislaxa.org\/\",\"logo\":{\"@type\":\"ImageObject\",\"inLanguage\":\"es\",\"@id\":\"https:\/\/www.cutislaxa.org\/#\/schema\/logo\/image\/\",\"url\":\"https:\/\/www.cutislaxa.org\/wp-content\/uploads\/2017\/12\/NEW-LOGO-CLI-4.png\",\"contentUrl\":\"https:\/\/www.cutislaxa.org\/wp-content\/uploads\/2017\/12\/NEW-LOGO-CLI-4.png\",\"width\":417,\"height\":120,\"caption\":\"Cutis Laxa Internationale\"},\"image\":{\"@id\":\"https:\/\/www.cutislaxa.org\/#\/schema\/logo\/image\/\"},\"sameAs\":[\"https:\/\/www.facebook.com\/CutisLaxaAssociation\/\"]}]}<\/script>\n<!-- \/ Yoast SEO plugin. -->","yoast_head_json":{"title":"Qu\u00e9 es la Cutis Laxa ? - CUTIS LAXA INTERNATIONALE","robots":{"index":"index","follow":"follow","max-snippet":"max-snippet:-1","max-image-preview":"max-image-preview:large","max-video-preview":"max-video-preview:-1"},"canonical":"https:\/\/www.cutislaxa.org\/es\/what-is-cutis-laxa\/","og_locale":"es_ES","og_type":"article","og_title":"Qu\u00e9 es la Cutis Laxa ? - CUTIS LAXA INTERNATIONALE","og_url":"https:\/\/www.cutislaxa.org\/es\/what-is-cutis-laxa\/","og_site_name":"CUTIS LAXA INTERNATIONALE","article_publisher":"https:\/\/www.facebook.com\/CutisLaxaAssociation\/","article_modified_time":"2026-03-20T10:41:27+00:00","twitter_card":"summary_large_image","twitter_misc":{"Tiempo de lectura":"10 minutos"},"schema":{"@context":"https:\/\/schema.org","@graph":[{"@type":"WebPage","@id":"https:\/\/www.cutislaxa.org\/es\/what-is-cutis-laxa\/","url":"https:\/\/www.cutislaxa.org\/es\/what-is-cutis-laxa\/","name":"Qu\u00e9 es la Cutis Laxa ? - CUTIS LAXA INTERNATIONALE","isPartOf":{"@id":"https:\/\/www.cutislaxa.org\/#website"},"datePublished":"2019-01-18T13:48:28+00:00","dateModified":"2026-03-20T10:41:27+00:00","breadcrumb":{"@id":"https:\/\/www.cutislaxa.org\/es\/what-is-cutis-laxa\/#breadcrumb"},"inLanguage":"es","potentialAction":[{"@type":"ReadAction","target":["https:\/\/www.cutislaxa.org\/es\/what-is-cutis-laxa\/"]}]},{"@type":"BreadcrumbList","@id":"https:\/\/www.cutislaxa.org\/es\/what-is-cutis-laxa\/#breadcrumb","itemListElement":[{"@type":"ListItem","position":1,"name":"Home","item":"https:\/\/www.cutislaxa.org\/es\/bienvenida\/"},{"@type":"ListItem","position":2,"name":"Qu\u00e9 es la Cutis Laxa ?"}]},{"@type":"WebSite","@id":"https:\/\/www.cutislaxa.org\/#website","url":"https:\/\/www.cutislaxa.org\/","name":"CUTIS LAXA INTERNATIONALE","description":"","publisher":{"@id":"https:\/\/www.cutislaxa.org\/#organization"},"potentialAction":[{"@type":"SearchAction","target":{"@type":"EntryPoint","urlTemplate":"https:\/\/www.cutislaxa.org\/?s={search_term_string}"},"query-input":"required name=search_term_string"}],"inLanguage":"es"},{"@type":"Organization","@id":"https:\/\/www.cutislaxa.org\/#organization","name":"Cutis Laxa Internationale","url":"https:\/\/www.cutislaxa.org\/","logo":{"@type":"ImageObject","inLanguage":"es","@id":"https:\/\/www.cutislaxa.org\/#\/schema\/logo\/image\/","url":"https:\/\/www.cutislaxa.org\/wp-content\/uploads\/2017\/12\/NEW-LOGO-CLI-4.png","contentUrl":"https:\/\/www.cutislaxa.org\/wp-content\/uploads\/2017\/12\/NEW-LOGO-CLI-4.png","width":417,"height":120,"caption":"Cutis Laxa Internationale"},"image":{"@id":"https:\/\/www.cutislaxa.org\/#\/schema\/logo\/image\/"},"sameAs":["https:\/\/www.facebook.com\/CutisLaxaAssociation\/"]}]}},"_links":{"self":[{"href":"https:\/\/www.cutislaxa.org\/es\/wp-json\/wp\/v2\/pages\/3912","targetHints":{"allow":["GET"]}}],"collection":[{"href":"https:\/\/www.cutislaxa.org\/es\/wp-json\/wp\/v2\/pages"}],"about":[{"href":"https:\/\/www.cutislaxa.org\/es\/wp-json\/wp\/v2\/types\/page"}],"author":[{"embeddable":true,"href":"https:\/\/www.cutislaxa.org\/es\/wp-json\/wp\/v2\/users\/1"}],"replies":[{"embeddable":true,"href":"https:\/\/www.cutislaxa.org\/es\/wp-json\/wp\/v2\/comments?post=3912"}],"version-history":[{"count":28,"href":"https:\/\/www.cutislaxa.org\/es\/wp-json\/wp\/v2\/pages\/3912\/revisions"}],"predecessor-version":[{"id":19343,"href":"https:\/\/www.cutislaxa.org\/es\/wp-json\/wp\/v2\/pages\/3912\/revisions\/19343"}],"wp:attachment":[{"href":"https:\/\/www.cutislaxa.org\/es\/wp-json\/wp\/v2\/media?parent=3912"}],"curies":[{"name":"wp","href":"https:\/\/api.w.org\/{rel}","templated":true}]}}